{"id":1908,"date":"2023-02-14T09:29:01","date_gmt":"2023-02-14T08:29:01","guid":{"rendered":"https:\/\/padovamarathon.com\/charity-program\/"},"modified":"2025-06-24T10:48:34","modified_gmt":"2025-06-24T09:48:34","slug":"charity-program","status":"publish","type":"page","link":"https:\/\/padovamarathon.com\/en\/charity-program\/","title":{"rendered":"Charity program"},"content":{"rendered":"[vc_row type=&#8221;in_container&#8221; full_screen_row_position=&#8221;middle&#8221; column_margin=&#8221;default&#8221; column_direction=&#8221;default&#8221; column_direction_tablet=&#8221;default&#8221; column_direction_phone=&#8221;default&#8221; scene_position=&#8221;center&#8221; top_margin=&#8221;60px&#8221; constrain_group_7=&#8221;yes&#8221; bottom_margin=&#8221;60px&#8221; top_margin_tablet=&#8221;50px&#8221; bottom_margin_tablet=&#8221;100px&#8221; top_margin_phone=&#8221;40px&#8221; bottom_margin_phone=&#8221;80px&#8221; text_color=&#8221;dark&#8221; text_align=&#8221;left&#8221; row_border_radius=&#8221;none&#8221; row_border_radius_applies=&#8221;bg&#8221; overflow=&#8221;visible&#8221; overlay_strength=&#8221;0.3&#8243; gradient_direction=&#8221;left_to_right&#8221; shape_divider_position=&#8221;bottom&#8221; bg_image_animation=&#8221;none&#8221; gradient_type=&#8221;default&#8221; shape_type=&#8221;&#8221;][vc_column column_padding=&#8221;no-extra-padding&#8221; column_padding_tablet=&#8221;no-extra-padding&#8221; column_padding_phone=&#8221;no-extra-padding&#8221; column_padding_position=&#8221;left-right&#8221; column_element_direction_desktop=&#8221;default&#8221; column_element_spacing=&#8221;default&#8221; desktop_text_alignment=&#8221;default&#8221; tablet_text_alignment=&#8221;default&#8221; phone_text_alignment=&#8221;default&#8221; background_color_opacity=&#8221;1&#8243; background_hover_color_opacity=&#8221;1&#8243; column_backdrop_filter=&#8221;none&#8221; column_shadow=&#8221;none&#8221; column_border_radius=&#8221;none&#8221; column_link_target=&#8221;_self&#8221; column_position=&#8221;default&#8221; gradient_direction=&#8221;left_to_right&#8221; overlay_strength=&#8221;0.3&#8243; width=&#8221;1\/1&#8243; tablet_width_inherit=&#8221;default&#8221; animation_type=&#8221;default&#8221; bg_image_animation=&#8221;none&#8221; border_type=&#8221;simple&#8221; column_border_width=&#8221;none&#8221; column_border_style=&#8221;solid&#8221; column_padding_type=&#8221;default&#8221; gradient_type=&#8221;default&#8221;][vc_row_inner column_margin=&#8221;default&#8221; column_direction=&#8221;default&#8221; column_direction_tablet=&#8221;default&#8221; column_direction_phone=&#8221;default&#8221; bottom_padding=&#8221;60px&#8221; bottom_padding_tablet=&#8221;40px&#8221; bottom_padding_phone=&#8221;30px&#8221; text_align=&#8221;left&#8221; row_position=&#8221;default&#8221; row_position_tablet=&#8221;inherit&#8221; row_position_phone=&#8221;inherit&#8221; overflow=&#8221;visible&#8221; pointer_events=&#8221;all&#8221;][vc_column_inner column_padding=&#8221;no-extra-padding&#8221; column_padding_tablet=&#8221;inherit&#8221; column_padding_phone=&#8221;inherit&#8221; column_padding_position=&#8221;all&#8221; column_element_direction_desktop=&#8221;default&#8221; column_element_spacing=&#8221;default&#8221; desktop_text_alignment=&#8221;default&#8221; tablet_text_alignment=&#8221;default&#8221; phone_text_alignment=&#8221;default&#8221; background_color_opacity=&#8221;1&#8243; background_hover_color_opacity=&#8221;1&#8243; column_backdrop_filter=&#8221;none&#8221; column_shadow=&#8221;none&#8221; column_border_radius=&#8221;none&#8221; column_link_target=&#8221;_self&#8221; overflow=&#8221;visible&#8221; gradient_direction=&#8221;left_to_right&#8221; overlay_strength=&#8221;0.3&#8243; width=&#8221;1\/1&#8243; tablet_width_inherit=&#8221;default&#8221; animation_type=&#8221;default&#8221; bg_image_animation=&#8221;none&#8221; border_type=&#8221;simple&#8221; column_border_width=&#8221;none&#8221; column_border_style=&#8221;solid&#8221;][vc_column_text]\n<h1>CHARITY PROGRAM<\/h1>\n[\/vc_column_text][\/vc_column_inner][\/vc_row_inner][vc_row_inner column_margin=&#8221;default&#8221; column_direction=&#8221;default&#8221; column_direction_tablet=&#8221;default&#8221; column_direction_phone=&#8221;default&#8221; text_align=&#8221;left&#8221; row_position=&#8221;default&#8221; row_position_tablet=&#8221;inherit&#8221; row_position_phone=&#8221;inherit&#8221; overflow=&#8221;visible&#8221; pointer_events=&#8221;all&#8221;][vc_column_inner column_padding=&#8221;no-extra-padding&#8221; column_padding_tablet=&#8221;inherit&#8221; column_padding_phone=&#8221;inherit&#8221; column_padding_position=&#8221;all&#8221; column_element_direction_desktop=&#8221;default&#8221; column_element_spacing=&#8221;default&#8221; desktop_text_alignment=&#8221;default&#8221; tablet_text_alignment=&#8221;default&#8221; phone_text_alignment=&#8221;default&#8221; background_color_opacity=&#8221;1&#8243; background_hover_color_opacity=&#8221;1&#8243; column_backdrop_filter=&#8221;none&#8221; column_shadow=&#8221;none&#8221; column_border_radius=&#8221;none&#8221; column_link_target=&#8221;_self&#8221; overflow=&#8221;visible&#8221; gradient_direction=&#8221;left_to_right&#8221; overlay_strength=&#8221;0.3&#8243; width=&#8221;1\/1&#8243; tablet_width_inherit=&#8221;default&#8221; animation_type=&#8221;default&#8221; bg_image_animation=&#8221;none&#8221; border_type=&#8221;simple&#8221; column_border_width=&#8221;none&#8221; column_border_style=&#8221;solid&#8221;][image_with_animation image_url=&#8221;3773&#8243; image_size=&#8221;full&#8221; max_width=&#8221;100%&#8221; max_width_mobile=&#8221;default&#8221; animation_type=&#8221;entrance&#8221; animation=&#8221;None&#8221; animation_movement_type=&#8221;transform_y&#8221; hover_animation=&#8221;none&#8221; alignment=&#8221;&#8221; border_radius=&#8221;none&#8221; box_shadow=&#8221;none&#8221; image_loading=&#8221;default&#8221;][\/vc_column_inner][\/vc_row_inner][\/vc_column][\/vc_row][vc_row type=&#8221;in_container&#8221; full_screen_row_position=&#8221;middle&#8221; column_margin=&#8221;default&#8221; column_direction=&#8221;default&#8221; column_direction_tablet=&#8221;default&#8221; column_direction_phone=&#8221;default&#8221; scene_position=&#8221;center&#8221; bottom_margin=&#8221;124px&#8221; bottom_margin_tablet=&#8221;80px&#8221; bottom_margin_phone=&#8221;80px&#8221; text_color=&#8221;dark&#8221; text_align=&#8221;left&#8221; row_border_radius=&#8221;none&#8221; row_border_radius_applies=&#8221;bg&#8221; overflow=&#8221;visible&#8221; id=&#8221;cose&#8221; overlay_strength=&#8221;0.3&#8243; gradient_direction=&#8221;left_to_right&#8221; shape_divider_position=&#8221;bottom&#8221; bg_image_animation=&#8221;none&#8221; gradient_type=&#8221;default&#8221; shape_type=&#8221;&#8221;][vc_column column_padding=&#8221;no-extra-padding&#8221; column_padding_tablet=&#8221;inherit&#8221; column_padding_phone=&#8221;inherit&#8221; column_padding_position=&#8221;all&#8221; column_element_direction_desktop=&#8221;default&#8221; column_element_spacing=&#8221;default&#8221; desktop_text_alignment=&#8221;default&#8221; tablet_text_alignment=&#8221;default&#8221; phone_text_alignment=&#8221;default&#8221; background_color_opacity=&#8221;1&#8243; background_hover_color_opacity=&#8221;1&#8243; column_backdrop_filter=&#8221;none&#8221; column_shadow=&#8221;none&#8221; column_border_radius=&#8221;none&#8221; column_link_target=&#8221;_self&#8221; column_position=&#8221;default&#8221; gradient_direction=&#8221;left_to_right&#8221; overlay_strength=&#8221;0.3&#8243; width=&#8221;1\/1&#8243; tablet_width_inherit=&#8221;default&#8221; animation_type=&#8221;default&#8221; bg_image_animation=&#8221;none&#8221; border_type=&#8221;simple&#8221; column_border_width=&#8221;none&#8221; column_border_style=&#8221;solid&#8221;][vc_row_inner equal_height=&#8221;yes&#8221; content_placement=&#8221;bottom&#8221; column_margin=&#8221;default&#8221; column_direction=&#8221;default&#8221; column_direction_tablet=&#8221;default&#8221; column_direction_phone=&#8221;default&#8221; text_align=&#8221;left&#8221; row_position=&#8221;default&#8221; row_position_tablet=&#8221;inherit&#8221; row_position_phone=&#8221;inherit&#8221; overflow=&#8221;visible&#8221; pointer_events=&#8221;all&#8221; css=&#8221;.vc_custom_1676024897623{margin: 0px !important;padding: 0px !important;}&#8221;][vc_column_inner column_padding=&#8221;no-extra-padding&#8221; column_padding_tablet=&#8221;inherit&#8221; column_padding_phone=&#8221;inherit&#8221; column_padding_position=&#8221;all&#8221; column_element_direction_desktop=&#8221;default&#8221; column_element_spacing=&#8221;default&#8221; desktop_text_alignment=&#8221;default&#8221; tablet_text_alignment=&#8221;default&#8221; phone_text_alignment=&#8221;default&#8221; background_color_opacity=&#8221;1&#8243; background_hover_color_opacity=&#8221;1&#8243; column_backdrop_filter=&#8221;none&#8221; column_shadow=&#8221;none&#8221; column_border_radius=&#8221;none&#8221; column_link_target=&#8221;_self&#8221; overflow=&#8221;visible&#8221; gradient_direction=&#8221;left_to_right&#8221; overlay_strength=&#8221;0.3&#8243; width=&#8221;1\/1&#8243; tablet_width_inherit=&#8221;default&#8221; animation_type=&#8221;default&#8221; bg_image_animation=&#8221;none&#8221; border_type=&#8221;simple&#8221; column_border_width=&#8221;none&#8221; column_border_style=&#8221;solid&#8221; column_padding_type=&#8221;default&#8221; gradient_type=&#8221;default&#8221; offset=&#8221;vc_col-xs-12&#8243;][vc_column_text css=&#8221;.vc_custom_1687881014093{margin-bottom: -5px !important;}&#8221;]\n<h3>WHAT IS THE CHARITY PROGRAM?<\/h3>\n[\/vc_column_text][\/vc_column_inner][\/vc_row_inner][vc_row_inner column_margin=&#8221;default&#8221; column_direction=&#8221;default&#8221; column_direction_tablet=&#8221;default&#8221; column_direction_phone=&#8221;default&#8221; text_align=&#8221;left&#8221; row_position=&#8221;default&#8221; row_position_tablet=&#8221;inherit&#8221; row_position_phone=&#8221;inherit&#8221; overflow=&#8221;visible&#8221; pointer_events=&#8221;all&#8221; css=&#8221;.vc_custom_1676024944684{margin-top: 0px !important;margin-right: 0px !important;margin-bottom: 20px !important;margin-left: 0px !important;padding-top: 0px !important;padding-right: 0px !important;padding-bottom: 0px !important;padding-left: 0px !important;}&#8221;][vc_column_inner column_padding=&#8221;no-extra-padding&#8221; column_padding_tablet=&#8221;inherit&#8221; column_padding_phone=&#8221;inherit&#8221; column_padding_position=&#8221;all&#8221; column_element_direction_desktop=&#8221;default&#8221; column_element_spacing=&#8221;default&#8221; desktop_text_alignment=&#8221;default&#8221; tablet_text_alignment=&#8221;default&#8221; phone_text_alignment=&#8221;default&#8221; background_color_opacity=&#8221;1&#8243; background_hover_color_opacity=&#8221;1&#8243; column_backdrop_filter=&#8221;none&#8221; column_shadow=&#8221;none&#8221; column_border_radius=&#8221;none&#8221; column_link_target=&#8221;_self&#8221; overflow=&#8221;visible&#8221; gradient_direction=&#8221;left_to_right&#8221; overlay_strength=&#8221;0.3&#8243; width=&#8221;1\/1&#8243; tablet_width_inherit=&#8221;default&#8221; animation_type=&#8221;default&#8221; bg_image_animation=&#8221;none&#8221; border_type=&#8221;simple&#8221; column_border_width=&#8221;none&#8221; column_border_style=&#8221;solid&#8221;][divider line_type=&#8221;Full Width Line&#8221; line_thickness=&#8221;1&#8243; divider_color=&#8221;black&#8221;][\/vc_column_inner][\/vc_row_inner][vc_row_inner column_margin=&#8221;default&#8221; column_direction=&#8221;default&#8221; column_direction_tablet=&#8221;default&#8221; column_direction_phone=&#8221;default&#8221; text_align=&#8221;left&#8221; row_position=&#8221;default&#8221; row_position_tablet=&#8221;inherit&#8221; row_position_phone=&#8221;inherit&#8221; overflow=&#8221;visible&#8221; pointer_events=&#8221;all&#8221; class=&#8221;home-news&#8221;][vc_column_inner column_padding=&#8221;no-extra-padding&#8221; column_padding_tablet=&#8221;inherit&#8221; column_padding_phone=&#8221;inherit&#8221; column_padding_position=&#8221;all&#8221; column_element_direction_desktop=&#8221;default&#8221; column_element_spacing=&#8221;default&#8221; desktop_text_alignment=&#8221;default&#8221; tablet_text_alignment=&#8221;default&#8221; phone_text_alignment=&#8221;default&#8221; background_color_opacity=&#8221;1&#8243; background_hover_color_opacity=&#8221;1&#8243; column_backdrop_filter=&#8221;none&#8221; column_shadow=&#8221;none&#8221; column_border_radius=&#8221;none&#8221; column_link_target=&#8221;_self&#8221; overflow=&#8221;visible&#8221; gradient_direction=&#8221;left_to_right&#8221; overlay_strength=&#8221;0.3&#8243; width=&#8221;3\/4&#8243; tablet_width_inherit=&#8221;default&#8221; animation_type=&#8221;default&#8221; enable_animation=&#8221;true&#8221; animation=&#8221;fade-in-from-bottom&#8221; mobile_disable_entrance_animation=&#8221;true&#8221; animation_easing=&#8221;default&#8221; bg_image_animation=&#8221;none&#8221; border_type=&#8221;simple&#8221; column_border_width=&#8221;none&#8221; column_border_style=&#8221;solid&#8221; column_padding_type=&#8221;default&#8221; gradient_type=&#8221;default&#8221;][vc_column_text css=&#8221;&#8221; text_direction=&#8221;default&#8221;]<strong>Padova Marathon<\/strong> promotes for the ninth consecutive year the <strong>Charity Program<\/strong>, a real Solidarity Program combined with the city event and organized in collaboration with <strong>Rete del Dono<\/strong>.<\/p>\n<p>Thanks to the Charity Program you can participate in one of the races scheduled for April 26th and <strong>associate to your sporting challenge a solidarity challenge<\/strong>, running and raising funds in favour of one of the good causes that the organization has chosen to support.[\/vc_column_text][\/vc_column_inner][vc_column_inner column_padding=&#8221;no-extra-padding&#8221; column_padding_tablet=&#8221;inherit&#8221; column_padding_phone=&#8221;inherit&#8221; column_padding_position=&#8221;all&#8221; column_element_direction_desktop=&#8221;default&#8221; column_element_spacing=&#8221;default&#8221; desktop_text_alignment=&#8221;default&#8221; tablet_text_alignment=&#8221;default&#8221; phone_text_alignment=&#8221;default&#8221; background_color_opacity=&#8221;1&#8243; background_hover_color_opacity=&#8221;1&#8243; column_backdrop_filter=&#8221;none&#8221; column_shadow=&#8221;none&#8221; column_border_radius=&#8221;none&#8221; column_link_target=&#8221;_self&#8221; overflow=&#8221;visible&#8221; gradient_direction=&#8221;left_to_right&#8221; overlay_strength=&#8221;0.3&#8243; width=&#8221;1\/4&#8243; tablet_width_inherit=&#8221;default&#8221; animation_type=&#8221;default&#8221; bg_image_animation=&#8221;none&#8221; border_type=&#8221;simple&#8221; column_border_width=&#8221;none&#8221; column_border_style=&#8221;solid&#8221;][\/vc_column_inner][\/vc_row_inner][\/vc_column][\/vc_row][vc_row type=&#8221;in_container&#8221; full_screen_row_position=&#8221;middle&#8221; column_margin=&#8221;default&#8221; column_direction=&#8221;default&#8221; column_direction_tablet=&#8221;default&#8221; column_direction_phone=&#8221;default&#8221; scene_position=&#8221;center&#8221; bottom_margin=&#8221;124px&#8221; bottom_margin_tablet=&#8221;80px&#8221; bottom_margin_phone=&#8221;80px&#8221; text_color=&#8221;dark&#8221; text_align=&#8221;left&#8221; row_border_radius=&#8221;none&#8221; row_border_radius_applies=&#8221;bg&#8221; overflow=&#8221;visible&#8221; id=&#8221;pettorale&#8221; overlay_strength=&#8221;0.3&#8243; gradient_direction=&#8221;left_to_right&#8221; shape_divider_position=&#8221;bottom&#8221; bg_image_animation=&#8221;none&#8221; gradient_type=&#8221;default&#8221; shape_type=&#8221;&#8221;][vc_column column_padding=&#8221;no-extra-padding&#8221; column_padding_tablet=&#8221;inherit&#8221; column_padding_phone=&#8221;inherit&#8221; column_padding_position=&#8221;all&#8221; column_element_direction_desktop=&#8221;default&#8221; column_element_spacing=&#8221;default&#8221; desktop_text_alignment=&#8221;default&#8221; tablet_text_alignment=&#8221;default&#8221; phone_text_alignment=&#8221;default&#8221; background_color_opacity=&#8221;1&#8243; background_hover_color_opacity=&#8221;1&#8243; column_backdrop_filter=&#8221;none&#8221; column_shadow=&#8221;none&#8221; column_border_radius=&#8221;none&#8221; column_link_target=&#8221;_self&#8221; column_position=&#8221;default&#8221; gradient_direction=&#8221;left_to_right&#8221; overlay_strength=&#8221;0.3&#8243; width=&#8221;1\/1&#8243; tablet_width_inherit=&#8221;default&#8221; animation_type=&#8221;default&#8221; bg_image_animation=&#8221;none&#8221; border_type=&#8221;simple&#8221; column_border_width=&#8221;none&#8221; column_border_style=&#8221;solid&#8221;][vc_row_inner equal_height=&#8221;yes&#8221; content_placement=&#8221;bottom&#8221; column_margin=&#8221;default&#8221; column_direction=&#8221;default&#8221; column_direction_tablet=&#8221;default&#8221; column_direction_phone=&#8221;default&#8221; text_align=&#8221;left&#8221; row_position=&#8221;default&#8221; row_position_tablet=&#8221;inherit&#8221; row_position_phone=&#8221;inherit&#8221; overflow=&#8221;visible&#8221; pointer_events=&#8221;all&#8221; css=&#8221;.vc_custom_1676024897623{margin: 0px !important;padding: 0px !important;}&#8221;][vc_column_inner column_padding=&#8221;no-extra-padding&#8221; column_padding_tablet=&#8221;inherit&#8221; column_padding_phone=&#8221;inherit&#8221; column_padding_position=&#8221;all&#8221; column_element_direction_desktop=&#8221;default&#8221; column_element_spacing=&#8221;default&#8221; desktop_text_alignment=&#8221;default&#8221; tablet_text_alignment=&#8221;default&#8221; phone_text_alignment=&#8221;default&#8221; background_color_opacity=&#8221;1&#8243; background_hover_color_opacity=&#8221;1&#8243; column_backdrop_filter=&#8221;none&#8221; column_shadow=&#8221;none&#8221; column_border_radius=&#8221;none&#8221; column_link_target=&#8221;_self&#8221; overflow=&#8221;visible&#8221; gradient_direction=&#8221;left_to_right&#8221; overlay_strength=&#8221;0.3&#8243; width=&#8221;1\/1&#8243; tablet_width_inherit=&#8221;default&#8221; animation_type=&#8221;default&#8221; bg_image_animation=&#8221;none&#8221; border_type=&#8221;simple&#8221; column_border_width=&#8221;none&#8221; column_border_style=&#8221;solid&#8221; column_padding_type=&#8221;default&#8221; gradient_type=&#8221;default&#8221; offset=&#8221;vc_col-xs-12&#8243;][vc_column_text css=&#8221;.vc_custom_1676555526852{margin-bottom: -5px !important;}&#8221;]\n<h3>SOLIDARITY RACE-BIB<\/h3>\n[\/vc_column_text][\/vc_column_inner][\/vc_row_inner][vc_row_inner column_margin=&#8221;default&#8221; column_direction=&#8221;default&#8221; column_direction_tablet=&#8221;default&#8221; column_direction_phone=&#8221;default&#8221; text_align=&#8221;left&#8221; row_position=&#8221;default&#8221; row_position_tablet=&#8221;inherit&#8221; row_position_phone=&#8221;inherit&#8221; overflow=&#8221;visible&#8221; pointer_events=&#8221;all&#8221; css=&#8221;.vc_custom_1676024944684{margin-top: 0px !important;margin-right: 0px !important;margin-bottom: 20px !important;margin-left: 0px !important;padding-top: 0px !important;padding-right: 0px !important;padding-bottom: 0px !important;padding-left: 0px !important;}&#8221;][vc_column_inner column_padding=&#8221;no-extra-padding&#8221; column_padding_tablet=&#8221;inherit&#8221; column_padding_phone=&#8221;inherit&#8221; column_padding_position=&#8221;all&#8221; column_element_direction_desktop=&#8221;default&#8221; column_element_spacing=&#8221;default&#8221; desktop_text_alignment=&#8221;default&#8221; tablet_text_alignment=&#8221;default&#8221; phone_text_alignment=&#8221;default&#8221; background_color_opacity=&#8221;1&#8243; background_hover_color_opacity=&#8221;1&#8243; column_backdrop_filter=&#8221;none&#8221; column_shadow=&#8221;none&#8221; column_border_radius=&#8221;none&#8221; column_link_target=&#8221;_self&#8221; overflow=&#8221;visible&#8221; gradient_direction=&#8221;left_to_right&#8221; overlay_strength=&#8221;0.3&#8243; width=&#8221;1\/1&#8243; tablet_width_inherit=&#8221;default&#8221; animation_type=&#8221;default&#8221; bg_image_animation=&#8221;none&#8221; border_type=&#8221;simple&#8221; column_border_width=&#8221;none&#8221; column_border_style=&#8221;solid&#8221;][divider line_type=&#8221;Full Width Line&#8221; line_thickness=&#8221;1&#8243; divider_color=&#8221;black&#8221;][\/vc_column_inner][\/vc_row_inner][vc_row_inner column_margin=&#8221;default&#8221; column_direction=&#8221;default&#8221; column_direction_tablet=&#8221;default&#8221; column_direction_phone=&#8221;default&#8221; text_align=&#8221;left&#8221; row_position=&#8221;default&#8221; row_position_tablet=&#8221;inherit&#8221; row_position_phone=&#8221;inherit&#8221; overflow=&#8221;visible&#8221; pointer_events=&#8221;all&#8221; class=&#8221;home-news&#8221;][vc_column_inner column_padding=&#8221;no-extra-padding&#8221; column_padding_tablet=&#8221;inherit&#8221; column_padding_phone=&#8221;inherit&#8221; column_padding_position=&#8221;all&#8221; column_element_direction_desktop=&#8221;default&#8221; column_element_spacing=&#8221;default&#8221; desktop_text_alignment=&#8221;default&#8221; tablet_text_alignment=&#8221;default&#8221; phone_text_alignment=&#8221;default&#8221; background_color_opacity=&#8221;1&#8243; background_hover_color_opacity=&#8221;1&#8243; column_backdrop_filter=&#8221;none&#8221; column_shadow=&#8221;none&#8221; column_border_radius=&#8221;none&#8221; column_link_target=&#8221;_self&#8221; overflow=&#8221;visible&#8221; gradient_direction=&#8221;left_to_right&#8221; overlay_strength=&#8221;0.3&#8243; width=&#8221;3\/4&#8243; tablet_width_inherit=&#8221;default&#8221; animation_type=&#8221;default&#8221; enable_animation=&#8221;true&#8221; animation=&#8221;fade-in-from-bottom&#8221; mobile_disable_entrance_animation=&#8221;true&#8221; animation_easing=&#8221;default&#8221; bg_image_animation=&#8221;none&#8221; border_type=&#8221;simple&#8221; column_border_width=&#8221;none&#8221; column_border_style=&#8221;solid&#8221; column_padding_type=&#8221;default&#8221; gradient_type=&#8221;default&#8221;][vc_column_text css=&#8221;&#8221; text_direction=&#8221;default&#8221;]Choose to <strong>RUN FOR A GOOD CAUSE<\/strong> and you will have the unique opportunity to Do something Good and receive the bib number as a gift from the Non-Profit you have decided to support.<\/p>\n<p>Take action is simple and immediate:<\/p>\n<ul>\n<li>See the <strong><a class=\"\" href=\"https:\/\/www.retedeldono.it\/padova-marathon\" target=\"_blank\" rel=\"noopener\">list of the non-profits of the Charity Program<\/a><\/strong> and choose which one to run for.<\/li>\n<li><strong>Contact the non-profit<\/strong> you care about.<\/li>\n<li><strong>Collect funds<\/strong> for her project\u00a0by registering on <a class=\"\" href=\"https:\/\/www.retedeldono.it\/padova-marathon\" target=\"_blank\" rel=\"noopener\"><strong>Rete del Dono<\/strong><\/a> and starting your online collection (<strong>personal fundraising<\/strong>)! You will receive your bib as a gift from the non-profit!<\/li>\n<\/ul>\n<p><strong>Donate but above all &#8220;involve&#8221;<\/strong> your entire network of relatives and friends in your gesture of solidarity by inviting them to donate.[\/vc_column_text][\/vc_column_inner][vc_column_inner column_padding=&#8221;no-extra-padding&#8221; column_padding_tablet=&#8221;inherit&#8221; column_padding_phone=&#8221;inherit&#8221; column_padding_position=&#8221;all&#8221; column_element_direction_desktop=&#8221;default&#8221; column_element_spacing=&#8221;default&#8221; desktop_text_alignment=&#8221;default&#8221; tablet_text_alignment=&#8221;default&#8221; phone_text_alignment=&#8221;default&#8221; background_color_opacity=&#8221;1&#8243; background_hover_color_opacity=&#8221;1&#8243; column_backdrop_filter=&#8221;none&#8221; column_shadow=&#8221;none&#8221; column_border_radius=&#8221;none&#8221; column_link_target=&#8221;_self&#8221; overflow=&#8221;visible&#8221; gradient_direction=&#8221;left_to_right&#8221; overlay_strength=&#8221;0.3&#8243; width=&#8221;1\/4&#8243; tablet_width_inherit=&#8221;default&#8221; animation_type=&#8221;default&#8221; bg_image_animation=&#8221;none&#8221; border_type=&#8221;simple&#8221; column_border_width=&#8221;none&#8221; column_border_style=&#8221;solid&#8221;][\/vc_column_inner][\/vc_row_inner][\/vc_column][\/vc_row][vc_row type=&#8221;in_container&#8221; full_screen_row_position=&#8221;middle&#8221; column_margin=&#8221;default&#8221; column_direction=&#8221;default&#8221; column_direction_tablet=&#8221;default&#8221; column_direction_phone=&#8221;default&#8221; scene_position=&#8221;center&#8221; bottom_margin=&#8221;124px&#8221; bottom_margin_tablet=&#8221;80px&#8221; bottom_margin_phone=&#8221;80px&#8221; text_color=&#8221;dark&#8221; text_align=&#8221;left&#8221; row_border_radius=&#8221;none&#8221; row_border_radius_applies=&#8221;bg&#8221; overflow=&#8221;visible&#8221; id=&#8221;charities&#8221; overlay_strength=&#8221;0.3&#8243; gradient_direction=&#8221;left_to_right&#8221; shape_divider_position=&#8221;bottom&#8221; bg_image_animation=&#8221;none&#8221; gradient_type=&#8221;default&#8221; shape_type=&#8221;&#8221;][vc_column column_padding=&#8221;no-extra-padding&#8221; column_padding_tablet=&#8221;inherit&#8221; column_padding_phone=&#8221;inherit&#8221; column_padding_position=&#8221;all&#8221; column_element_direction_desktop=&#8221;default&#8221; column_element_spacing=&#8221;default&#8221; desktop_text_alignment=&#8221;default&#8221; tablet_text_alignment=&#8221;default&#8221; phone_text_alignment=&#8221;default&#8221; background_color_opacity=&#8221;1&#8243; background_hover_color_opacity=&#8221;1&#8243; column_backdrop_filter=&#8221;none&#8221; column_shadow=&#8221;none&#8221; column_border_radius=&#8221;none&#8221; column_link_target=&#8221;_self&#8221; column_position=&#8221;default&#8221; gradient_direction=&#8221;left_to_right&#8221; overlay_strength=&#8221;0.3&#8243; width=&#8221;1\/1&#8243; tablet_width_inherit=&#8221;default&#8221; animation_type=&#8221;default&#8221; bg_image_animation=&#8221;none&#8221; border_type=&#8221;simple&#8221; column_border_width=&#8221;none&#8221; column_border_style=&#8221;solid&#8221;][vc_row_inner equal_height=&#8221;yes&#8221; disable_element=&#8221;yes&#8221; content_placement=&#8221;bottom&#8221; column_margin=&#8221;default&#8221; column_direction=&#8221;default&#8221; column_direction_tablet=&#8221;default&#8221; column_direction_phone=&#8221;default&#8221; text_align=&#8221;left&#8221; row_position=&#8221;default&#8221; row_position_tablet=&#8221;inherit&#8221; row_position_phone=&#8221;inherit&#8221; overflow=&#8221;visible&#8221; pointer_events=&#8221;all&#8221; css=&#8221;.vc_custom_1696235238823{margin-top: 0px !important;margin-right: 0px !important;margin-bottom: 0px !important;margin-left: 0px !important;padding-top: 0px !important;padding-right: 0px !important;padding-bottom: 0px !important;padding-left: 0px !important;}&#8221;][vc_column_inner column_padding=&#8221;no-extra-padding&#8221; column_padding_tablet=&#8221;inherit&#8221; column_padding_phone=&#8221;inherit&#8221; column_padding_position=&#8221;all&#8221; column_element_direction_desktop=&#8221;default&#8221; column_element_spacing=&#8221;default&#8221; desktop_text_alignment=&#8221;default&#8221; tablet_text_alignment=&#8221;default&#8221; phone_text_alignment=&#8221;default&#8221; background_color_opacity=&#8221;1&#8243; background_hover_color_opacity=&#8221;1&#8243; column_backdrop_filter=&#8221;none&#8221; column_shadow=&#8221;none&#8221; column_border_radius=&#8221;none&#8221; column_link_target=&#8221;_self&#8221; overflow=&#8221;visible&#8221; gradient_direction=&#8221;left_to_right&#8221; overlay_strength=&#8221;0.3&#8243; width=&#8221;1\/1&#8243; tablet_width_inherit=&#8221;default&#8221; animation_type=&#8221;default&#8221; bg_image_animation=&#8221;none&#8221; border_type=&#8221;simple&#8221; column_border_width=&#8221;none&#8221; column_border_style=&#8221;solid&#8221; column_padding_type=&#8221;default&#8221; gradient_type=&#8221;default&#8221; offset=&#8221;vc_col-xs-12&#8243;][vc_column_text css=&#8221;.vc_custom_1676555700208{margin-bottom: -5px !important;}&#8221;]\n<h3>OUR CHARITIES<\/h3>\n[\/vc_column_text][\/vc_column_inner][\/vc_row_inner][vc_row_inner disable_element=&#8221;yes&#8221; column_margin=&#8221;default&#8221; column_direction=&#8221;default&#8221; column_direction_tablet=&#8221;default&#8221; column_direction_phone=&#8221;default&#8221; text_align=&#8221;left&#8221; row_position=&#8221;default&#8221; row_position_tablet=&#8221;inherit&#8221; row_position_phone=&#8221;inherit&#8221; overflow=&#8221;visible&#8221; pointer_events=&#8221;all&#8221; css=&#8221;.vc_custom_1696235258709{margin-top: 0px !important;margin-right: 0px !important;margin-bottom: 20px !important;margin-left: 0px !important;padding-top: 0px !important;padding-right: 0px !important;padding-bottom: 0px !important;padding-left: 0px !important;}&#8221;][vc_column_inner column_padding=&#8221;no-extra-padding&#8221; column_padding_tablet=&#8221;inherit&#8221; column_padding_phone=&#8221;inherit&#8221; column_padding_position=&#8221;all&#8221; column_element_direction_desktop=&#8221;default&#8221; column_element_spacing=&#8221;default&#8221; desktop_text_alignment=&#8221;default&#8221; tablet_text_alignment=&#8221;default&#8221; phone_text_alignment=&#8221;default&#8221; background_color_opacity=&#8221;1&#8243; background_hover_color_opacity=&#8221;1&#8243; column_backdrop_filter=&#8221;none&#8221; column_shadow=&#8221;none&#8221; column_border_radius=&#8221;none&#8221; column_link_target=&#8221;_self&#8221; overflow=&#8221;visible&#8221; gradient_direction=&#8221;left_to_right&#8221; overlay_strength=&#8221;0.3&#8243; width=&#8221;1\/1&#8243; tablet_width_inherit=&#8221;default&#8221; animation_type=&#8221;default&#8221; bg_image_animation=&#8221;none&#8221; border_type=&#8221;simple&#8221; column_border_width=&#8221;none&#8221; column_border_style=&#8221;solid&#8221;][divider line_type=&#8221;Full Width Line&#8221; line_thickness=&#8221;1&#8243; divider_color=&#8221;black&#8221;][\/vc_column_inner][\/vc_row_inner][vc_row_inner equal_height=&#8221;yes&#8221; disable_element=&#8221;yes&#8221; column_margin=&#8221;default&#8221; column_direction=&#8221;default&#8221; column_direction_tablet=&#8221;default&#8221; column_direction_phone=&#8221;default&#8221; text_align=&#8221;left&#8221; row_position=&#8221;default&#8221; row_position_tablet=&#8221;inherit&#8221; row_position_phone=&#8221;inherit&#8221; overflow=&#8221;visible&#8221; pointer_events=&#8221;all&#8221; class=&#8221;home-news&#8221;][vc_column_inner column_padding=&#8221;no-extra-padding&#8221; column_padding_tablet=&#8221;inherit&#8221; column_padding_phone=&#8221;inherit&#8221; column_padding_position=&#8221;all&#8221; column_element_direction_desktop=&#8221;default&#8221; column_element_spacing=&#8221;default&#8221; desktop_text_alignment=&#8221;default&#8221; tablet_text_alignment=&#8221;default&#8221; phone_text_alignment=&#8221;default&#8221; background_color_opacity=&#8221;1&#8243; background_hover_color_opacity=&#8221;1&#8243; column_backdrop_filter=&#8221;none&#8221; column_shadow=&#8221;none&#8221; column_border_radius=&#8221;none&#8221; column_link_target=&#8221;_self&#8221; overflow=&#8221;visible&#8221; gradient_direction=&#8221;left_to_right&#8221; overlay_strength=&#8221;0.3&#8243; width=&#8221;1\/3&#8243; tablet_width_inherit=&#8221;default&#8221; animation_type=&#8221;default&#8221; enable_animation=&#8221;true&#8221; animation=&#8221;fade-in-from-bottom&#8221; mobile_disable_entrance_animation=&#8221;true&#8221; animation_easing=&#8221;default&#8221; bg_image_animation=&#8221;none&#8221; border_type=&#8221;simple&#8221; column_border_width=&#8221;none&#8221; column_border_style=&#8221;solid&#8221; column_padding_type=&#8221;default&#8221; gradient_type=&#8221;default&#8221;][team_member image_url=&#8221;614&#8243; bio_alt_image_url=&#8221;571&#8243; team_memeber_style=&#8221;bio_fullscreen_alt&#8221; image_loading=&#8221;default&#8221; team_member_bio_full_html=&#8221;html&#8221; image_size=&#8221;medium&#8221; name=&#8221;AMICI DI ADAMITULLO&#8221; team_member_mini_bio=&#8221;Amici di Adamitullo onlus \u00e8 un progetto nato dall\u2019incontro di un gruppo di amici con Don Cesare Bullo, padre salesiano in missione nel mondo da pi\u00f9 di cinquant\u2019anni.&#8221; social_icon_1=&#8221;fa fa-handshake-o&#8221; social_link_1=&#8221;https:\/\/www.retedeldono.it\/it\/progetti\/amici-di-adamitullo\/corri-con-amici-di-adamitullo-2023&#8243; social_icon_2=&#8221;fa fa-facebook&#8221; social_link_2=&#8221;https:\/\/www.facebook.com\/amicidiadamitullo\/&#8221; social_icon_3=&#8221;fa fa-instagram&#8221; social_link_3=&#8221;https:\/\/www.instagram.com\/amici_di_adamitullo\/?hl=it&#8221;]Amici di Adamitullo onlus \u00e8 un progetto nato dall\u2019incontro di un gruppo di amici con Don Cesare Bullo, padre salesiano in missione nel mondo da pi\u00f9 di cinquant\u2019anni. Grazie al sostegno dell\u2019ordine dei padri salesiani, che lavora da anni in Etiopia per garantire l\u2019istruzione e la qualit\u00e0 di vita delle comunit\u00e0 locali, \u00e8 stato possibile trovare insieme un luogo in cui realizzare il desiderio di aiutare i meno fortunati.<br \/>\nDelle tredici missioni presenti nel paese, la pi\u00f9 piccola \u00e8 proprio quella del villaggio di Adamitullo, a circa 170 km da Adis Abeba, sede di un centro scolastico con una scuola elementare e spazi per i giochi e le attivit\u00e0 ricreative, fondato dai salesiani nel 1988. Proprio ad Adamitullo, noi Amici investiamo le nostre energie, impegnandoci a realizzare insieme tanti progetti attraverso missioni di volontariato ed eventi culturali e di intrattenimento per la raccolta di fondi, sopratutto nella citt\u00e0 di Padova.<br \/>\nAlmeno due volte l\u2019anno, un gruppo di soci si reca in visita alla missione per vivere in prima persona la realt\u00e0 di Adamitullo. Chiunque voglia partecipare \u00e8 il benvenuto, l\u2019 esperienza dei volontari si basa nel dare un contributo, oltre che all\u2019interno della scuola (aiutando singolarmente i ragazzi e prendendo parte attivamente alle lezioni) soprattutto durante il resto della giornata: giocando con i bambini e collaborando con la comunit\u00e0.<br \/>\nPotete guardare la nostra storia e i nostri progetti in corso sul sito www.amicidiadamitullo.org o sul profilo Facebook amici di Amici di Adamitullo onlus.<\/p>\n<a class=\"nectar-button n-sc-button medium see-through\" target=\"_blank\" href=\"https:\/\/www.retedeldono.it\/it\/progetti\/amici-di-adamitullo\/corri-con-amici-di-adamitullo-2023\" data-color-override=\"#ef5054\" data-hover-color-override=\"false\" data-hover-text-color-override=\"#fff\"><span>RACCOLTA FONDI<\/span><\/a>[\/team_member][nectar_btn size=&#8221;large&#8221; open_new_tab=&#8221;true&#8221; button_style=&#8221;see-through&#8221; button_color_2=&#8221;Accent-Color&#8221; icon_family=&#8221;none&#8221; text=&#8221;RACCOLTA FONDI&#8221; url=&#8221;https:\/\/www.retedeldono.it\/it\/progetti\/amici-di-adamitullo\/corri-con-amici-di-adamitullo-2023&#8243;][\/vc_column_inner][vc_column_inner column_padding=&#8221;no-extra-padding&#8221; column_padding_tablet=&#8221;inherit&#8221; column_padding_phone=&#8221;inherit&#8221; column_padding_position=&#8221;all&#8221; column_element_direction_desktop=&#8221;default&#8221; column_element_spacing=&#8221;default&#8221; desktop_text_alignment=&#8221;default&#8221; tablet_text_alignment=&#8221;default&#8221; phone_text_alignment=&#8221;default&#8221; background_color_opacity=&#8221;1&#8243; background_hover_color_opacity=&#8221;1&#8243; column_backdrop_filter=&#8221;none&#8221; column_shadow=&#8221;none&#8221; column_border_radius=&#8221;none&#8221; column_link_target=&#8221;_self&#8221; overflow=&#8221;visible&#8221; gradient_direction=&#8221;left_to_right&#8221; overlay_strength=&#8221;0.3&#8243; width=&#8221;1\/3&#8243; tablet_width_inherit=&#8221;default&#8221; animation_type=&#8221;default&#8221; enable_animation=&#8221;true&#8221; animation=&#8221;fade-in-from-bottom&#8221; mobile_disable_entrance_animation=&#8221;true&#8221; animation_easing=&#8221;default&#8221; bg_image_animation=&#8221;none&#8221; border_type=&#8221;simple&#8221; column_border_width=&#8221;none&#8221; column_border_style=&#8221;solid&#8221; column_padding_type=&#8221;default&#8221; gradient_type=&#8221;default&#8221;][team_member image_url=&#8221;615&#8243; bio_alt_image_url=&#8221;571&#8243; team_memeber_style=&#8221;bio_fullscreen_alt&#8221; image_loading=&#8221;default&#8221; team_member_bio_full_html=&#8221;html&#8221; image_size=&#8221;medium&#8221; name=&#8221;ASEM ITALIA O.D.V.&#8221; team_member_mini_bio=&#8221;ASEM (Associazione per il sostegno dell\u2019infanzia del Mozambico) \u00e8 una Onlus fondata da Barbara Hofmann in Svizzera per intraprendere in Mozambico iniziative a sostegno dei bambini.&#8221; social_icon_1=&#8221;fa fa-handshake-o&#8221; social_link_1=&#8221;https:\/\/www.retedeldono.it\/it\/progetti\/asem-italia-odv\/un-pasto-al-giorno-per-un-bambino&#8221; social_icon_2=&#8221;fa fa-facebook&#8221; social_link_2=&#8221;https:\/\/www.facebook.com\/AsemItalia\/&#8221; social_icon_3=&#8221;fa fa-instagram&#8221; social_link_3=&#8221;https:\/\/www.instagram.com\/asem_italia_onlus\/&#8221;]ASEM (Associazione per il sostegno dell\u2019infanzia del Mozambico) \u00e8 una Onlus fondata da Barbara Hofmann in Svizzera, nel 1999, per intraprendere in Mozambico iniziative a sostegno dei bambini, a quel tempo soprattutto orfani e\/o abbandonati dalle famiglie che non avevano possibilit\u00e0 di mantenerli, a causa della guerra civile in atto nel paese.<\/p>\n<p>Per far conoscere le attivit\u00e0 svolte e allo scopo di raccogliere i fondi necessari, Barbara Hofmann ha creato una rete di associazioni, istituendo gruppi di volontari ASEM anche in Italia, Portogallo e Canada.<br \/>\nCon l\u2019aiuto di tanti sostenitori, ha realizzato i tre Centri di Beira, Vilankulo e Gorongoza e ha fondato l\u2019Associazione ASEM Mozambico che, con un management tutto mozambicano, gestisce le attivit\u00e0.<br \/>\nIn 26 anni ASEM ha assistito per le prime necessit\u00e0 di ricovero e cibo pi\u00f9 di 170.000 bambini e li ha aiutati a crescere e formarsi per avere un futuro migliore.<\/p>\n<p>MISSION DI ASEM<br \/>\nIntervenire a favore dei bambini e giovani in situazione di disagio sociale e promuovere l\u2019integrazione socioeconomica nella famiglia o nella comunit\u00e0.<\/p>\n<p>OBIETTIVI<br \/>\n\u2022 impegnarsi a favore dei bambini e della salvaguardia dei loro diritti;<br \/>\n\u2022 realizzare e appoggiare programmi di riconciliazione familiare e di reintegrazione familiare di bambini e giovani che vivono in condizioni di estrema povert\u00e0;<br \/>\n\u2022 promuovere e sviluppare diverse attivit\u00e0 mirate alla riabilitazione psicologica, morale, educativa e formativa dei bambini in situazione di disagio sociale;<br \/>\n\u2022 sostenere la reintegrazione socio-economica di giovani che vivono in situazione di disagio sociale,<br \/>\nattraverso programmi di formazione professionale e supporto per l\u2019inserimento nel mercato del lavoro;<br \/>\n\u2022 combattere l&#8217;abuso e la violenza su bambini e donne, recuperare la dignit\u00e0 per la difesa dal commercio umano, insegnare la prevenzione e cura di malattie diffuse come AIDS\/HIV.<\/p>\n<p>RISORSE ECONOMICHE<br \/>\nLe iniziative di ASEM sono sostenute dalle donazioni di soggetti privati di tutto il mondo e finanziati in parte da Enti e Fondazioni, su progetti che riflettono le attivit\u00e0 dell\u2019impegno quotidiano indirizzato alla crescita della persona.<br \/>\nASEM Italia Onlus &#8211; Via Luigi Galvani, 12 \u2013 35030 Caselle di Selvazzano Dentro (PD)<br \/>\nC.F. 05884841007 &#8211; tel. 049 8977886 &#8211; fax 049 6899944 \u2013 cell. 348 7975481<br \/>\ne-mail: sede@asemitalia.org &#8211; sito: www.asemitalia.org &#8211; www.facebook.com\/asemitaliaASEM ITALIA Onlus<\/p>\n<p>ATTIVIT\u00c0 E PROGRAMMI DI ASEM<br \/>\n&#8211; assistenza psicologica e sostegno alimentare di bambini svantaggiati, in comunit\u00e0 e nelle famiglie locali di adozione<br \/>\n&#8211; educazione e istruzione dei bambini nei Centri ASEM di Beira, Gorongoza e Vilankulo per il percorso dei 10 anni corrispondenti alle nostre scuole elementari, medie e di preparazione generale alle professioni<br \/>\n&#8211; formazione artistica (teatro, musica, danza, arti circensi, ecc.), addestramento sportivo (basket, pallavolo, calcio), anche come pratiche di riabilitazione psicologica<br \/>\n&#8211; sostegno ai giovani per frequentare corsi di formazione professionale e lavori di artigianato (sartoria, idraulica, meccanica, conduttori di auto, autocarri e mezzi pubblici, parrucchiere, cucina, ecc.)<br \/>\n&#8211; sostegno alla formazione universitaria (percorsi di amministrazione economica, farmacia, infermieristica, lingue, ecc.)<br \/>\n&#8211; avviamento dei giovani ad attivit\u00e0 commerciali e turistiche (Vilankulo \u00e8 una regione ambita per il turismo di \u00e9lite)<br \/>\n&#8211; aiuto alle donne per l\u2019avvio di micro attivit\u00e0 di agricoltura e allevamento di animali da cortile, con prospettive di indipendenza economica per le famigli<br \/>\n&#8211; sviluppo della coltivazione di ortaggi, mais e piante da frutto, con l&#8217;obiettivo di realizzare l&#8217;auto sostentamento della comunit\u00e0 assistita e dell&#8217;Associazione stessa<br \/>\n&#8211; contribuire allo sviluppo di una economia locale, anche con la creazione di forme di associazioni cooperative per il commercio dei prodotti dell&#8217;orto, carne e uova destinati al mercato locale e alle strutture alberghiere e turistiche locali.<br \/>\nPer tutto questo, contiamo sulla generosit\u00e0 delle persone che ci danno fiducia e condividono l\u2019impegno di vita di Barbara Hofmann e dei suoi collaboratori mozambicani.<\/p>\n<a class=\"nectar-button n-sc-button medium see-through\" target=\"_blank\" href=\"https:\/\/www.retedeldono.it\/it\/progetti\/asem-italia-odv\/un-pasto-al-giorno-per-un-bambino\" data-color-override=\"#ef5054\" data-hover-color-override=\"false\" data-hover-text-color-override=\"#fff\"><span>RACCOLTA FONDI<\/span><\/a>[\/team_member][nectar_btn size=&#8221;large&#8221; open_new_tab=&#8221;true&#8221; button_style=&#8221;see-through&#8221; button_color_2=&#8221;Accent-Color&#8221; icon_family=&#8221;none&#8221; text=&#8221;RACCOLTA FONDI&#8221; url=&#8221;https:\/\/www.retedeldono.it\/it\/progetti\/asem-italia-odv\/un-pasto-al-giorno-per-un-bambino&#8221;][\/vc_column_inner][vc_column_inner column_padding=&#8221;no-extra-padding&#8221; column_padding_tablet=&#8221;inherit&#8221; column_padding_phone=&#8221;inherit&#8221; column_padding_position=&#8221;all&#8221; column_element_direction_desktop=&#8221;default&#8221; column_element_spacing=&#8221;default&#8221; desktop_text_alignment=&#8221;default&#8221; tablet_text_alignment=&#8221;default&#8221; phone_text_alignment=&#8221;default&#8221; background_color_opacity=&#8221;1&#8243; background_hover_color_opacity=&#8221;1&#8243; column_backdrop_filter=&#8221;none&#8221; column_shadow=&#8221;none&#8221; column_border_radius=&#8221;none&#8221; column_link_target=&#8221;_self&#8221; overflow=&#8221;visible&#8221; gradient_direction=&#8221;left_to_right&#8221; overlay_strength=&#8221;0.3&#8243; width=&#8221;1\/3&#8243; tablet_width_inherit=&#8221;default&#8221; animation_type=&#8221;default&#8221; enable_animation=&#8221;true&#8221; animation=&#8221;fade-in-from-bottom&#8221; mobile_disable_entrance_animation=&#8221;true&#8221; animation_easing=&#8221;default&#8221; bg_image_animation=&#8221;none&#8221; border_type=&#8221;simple&#8221; column_border_width=&#8221;none&#8221; column_border_style=&#8221;solid&#8221; column_padding_type=&#8221;default&#8221; gradient_type=&#8221;default&#8221;][team_member image_url=&#8221;617&#8243; bio_alt_image_url=&#8221;571&#8243; team_memeber_style=&#8221;bio_fullscreen_alt&#8221; image_loading=&#8221;default&#8221; team_member_bio_full_html=&#8221;html&#8221; image_size=&#8221;medium&#8221; name=&#8221;CASA PRISCILLA ONLUS&#8221; team_member_mini_bio=&#8221;La nostra mission \u00e8 essere un ambiente educativo di passaggio, sereno e familiare, per ogni minore accolto, in attesa di un rientro stabile in famiglia o di altra sistemazione concordata con l\u2019Ente inviante.&#8221; social_icon_1=&#8221;fa fa-handshake-o&#8221; social_link_1=&#8221;https:\/\/www.retedeldono.it\/it\/progetti\/casa-priscilla\/corri-per-una-stanza-di-casa-priscilla&#8221; social_icon_2=&#8221;fa fa-facebook&#8221; social_link_2=&#8221;https:\/\/www.facebook.com\/CasaPriscillaPadova\/&#8221; social_icon_3=&#8221;fa fa-instagram&#8221;]L&#8217;Associazione Casa Priscilla \u00e8 nata ufficialmente nel 2001 per intuizione di sorella Maria, persona da sempre attenta all\u2019accoglienza degli ultimi, ma le sue radici risalgono a molti anni prima. Fin dal 1991 sorella Maria, supportata da alcuni volontari, ha aperto la sua casa all\u2019accoglienza di madri e minori in difficolt\u00e0. La nostra mission \u00e8 essere un ambiente educativo di passaggio, sereno e familiare, per ogni minore accolto, in attesa di un rientro stabile in famiglia o di altra sistemazione concordata con l\u2019Ente inviante.<\/p>\n<a class=\"nectar-button n-sc-button medium see-through\" target=\"_blank\" href=\"https:\/\/www.retedeldono.it\/it\/progetti\/casa-priscilla\/corri-per-una-stanza-di-casa-priscilla\" data-color-override=\"#ef5054\" data-hover-color-override=\"false\" data-hover-text-color-override=\"#fff\"><span>RACCOLTA FONDI<\/span><\/a>[\/team_member][nectar_btn size=&#8221;large&#8221; open_new_tab=&#8221;true&#8221; button_style=&#8221;see-through&#8221; button_color_2=&#8221;Accent-Color&#8221; icon_family=&#8221;none&#8221; text=&#8221;RACCOLTA FONDI&#8221; url=&#8221;https:\/\/www.retedeldono.it\/it\/progetti\/casa-priscilla\/corri-per-una-stanza-di-casa-priscilla&#8221;][\/vc_column_inner][\/vc_row_inner][vc_row_inner equal_height=&#8221;yes&#8221; disable_element=&#8221;yes&#8221; column_margin=&#8221;default&#8221; column_direction=&#8221;default&#8221; column_direction_tablet=&#8221;default&#8221; column_direction_phone=&#8221;default&#8221; text_align=&#8221;left&#8221; row_position=&#8221;default&#8221; row_position_tablet=&#8221;inherit&#8221; row_position_phone=&#8221;inherit&#8221; overflow=&#8221;visible&#8221; pointer_events=&#8221;all&#8221; class=&#8221;home-news&#8221;][vc_column_inner column_padding=&#8221;no-extra-padding&#8221; column_padding_tablet=&#8221;inherit&#8221; column_padding_phone=&#8221;inherit&#8221; column_padding_position=&#8221;all&#8221; column_element_direction_desktop=&#8221;default&#8221; column_element_spacing=&#8221;default&#8221; desktop_text_alignment=&#8221;default&#8221; tablet_text_alignment=&#8221;default&#8221; phone_text_alignment=&#8221;default&#8221; background_color_opacity=&#8221;1&#8243; background_hover_color_opacity=&#8221;1&#8243; column_backdrop_filter=&#8221;none&#8221; column_shadow=&#8221;none&#8221; column_border_radius=&#8221;none&#8221; column_link_target=&#8221;_self&#8221; overflow=&#8221;visible&#8221; gradient_direction=&#8221;left_to_right&#8221; overlay_strength=&#8221;0.3&#8243; width=&#8221;1\/3&#8243; tablet_width_inherit=&#8221;default&#8221; animation_type=&#8221;default&#8221; enable_animation=&#8221;true&#8221; animation=&#8221;fade-in-from-bottom&#8221; mobile_disable_entrance_animation=&#8221;true&#8221; animation_easing=&#8221;default&#8221; bg_image_animation=&#8221;none&#8221; border_type=&#8221;simple&#8221; column_border_width=&#8221;none&#8221; column_border_style=&#8221;solid&#8221; column_padding_type=&#8221;default&#8221; gradient_type=&#8221;default&#8221;][team_member image_url=&#8221;619&#8243; bio_alt_image_url=&#8221;571&#8243; team_memeber_style=&#8221;bio_fullscreen_alt&#8221; image_loading=&#8221;default&#8221; team_member_bio_full_html=&#8221;html&#8221; image_size=&#8221;medium&#8221; name=&#8221;CITT\u00c0 DELLA SPERANZA&#8221; team_member_mini_bio=&#8221;Dal 1994 Fondazione Citt\u00e0 della Speranza si pone l\u2019obiettivo di migliorare le condizioni di cura e assistenza dei bambini.&#8221; social_icon_1=&#8221;fa fa-handshake-o&#8221; social_link_1=&#8221;https:\/\/www.retedeldono.it\/it\/progetti\/citt%C3%A0-della-speranza\/corri-per-la-ricerca-pediatrica&#8221; social_icon_2=&#8221;fa fa-facebook&#8221; social_link_2=&#8221;https:\/\/www.facebook.com\/cittadellasperanza\/&#8221; social_icon_3=&#8221;fa fa-instagram&#8221; social_link_3=&#8221;https:\/\/www.instagram.com\/fondazionecittadellasperanza\/&#8221; social_icon_4=&#8221;fa fa-youtube-play&#8221; social_link_4=&#8221;https:\/\/www.youtube.com\/c\/cittadellasperanza&#8221;]Dal 1994 Fondazione Citt\u00e0 della Speranza si pone l\u2019obiettivo di migliorare le condizioni di cura e assistenza dei bambini, nonch\u00e9 di finanziare la ricerca scientifica in ambito oncoematologico e pediatrico. Grazie all\u2019aiuto di imprese, associazioni, privati cittadini e alla forza del volontariato, ha realizzato e sostiene:<br \/>\n&#8211; la Clinica di Oncoematologia Pediatrica di Padova, centro di riferimento nazionale per la diagnosi di leucemia, linfomi e sarcomi. Ci\u00f2 significa che a tutti i bambini, residenti in Italia o provenienti dall\u2019estero, sono garantiti una diagnosi certa entro 24 ore e i migliori protocolli di cura;<br \/>\n&#8211; l\u2019Istituto di Ricerca Pediatrica Citt\u00e0 della Speranza. Con i suoi 17.500 mq, \u00e8 il pi\u00f9 grande centro di ricerca europeo in questo ambito e tratta le patologie pediatriche sotto differenti aspetti per moltiplicare le possibilit\u00e0 di successo in termini di nuove scoperte. Le principali aree di ricerca sono: l\u2019oncologia pediatrica, la medicina rigenerativa, la nanomedicina, la genetica e le malattie rare, la medicina predittiva, l\u2019immunologia e la neuroimmunologia.<br \/>\nL\u2019azione di Citt\u00e0 della Speranza ha contribuito fortemente ad innalzare i tassi di guarigione, portandoli dal 30% circa del 1994 all\u201985% di oggi. I protocolli di cura, messi a punto nei suoi laboratori, sono adottati in 51 Paesi al mondo.<\/p>\n<a class=\"nectar-button n-sc-button medium see-through\" target=\"_blank\" href=\"https:\/\/www.retedeldono.it\/it\/progetti\/citt%C3%A0-della-speranza\/corri-per-la-ricerca-pediatrica\" data-color-override=\"#ef5054\" data-hover-color-override=\"false\" data-hover-text-color-override=\"#fff\"><span>RACCOLTA FONDI<\/span><\/a>[\/team_member][nectar_btn size=&#8221;large&#8221; open_new_tab=&#8221;true&#8221; button_style=&#8221;see-through&#8221; button_color_2=&#8221;Accent-Color&#8221; icon_family=&#8221;none&#8221; text=&#8221;RACCOLTA FONDI&#8221; url=&#8221;https:\/\/www.retedeldono.it\/it\/progetti\/citt%C3%A0-della-speranza\/corri-per-la-ricerca-pediatrica&#8221;][\/vc_column_inner][vc_column_inner column_padding=&#8221;no-extra-padding&#8221; column_padding_tablet=&#8221;inherit&#8221; column_padding_phone=&#8221;inherit&#8221; column_padding_position=&#8221;all&#8221; column_element_direction_desktop=&#8221;default&#8221; column_element_spacing=&#8221;default&#8221; desktop_text_alignment=&#8221;default&#8221; tablet_text_alignment=&#8221;default&#8221; phone_text_alignment=&#8221;default&#8221; background_color_opacity=&#8221;1&#8243; background_hover_color_opacity=&#8221;1&#8243; column_backdrop_filter=&#8221;none&#8221; column_shadow=&#8221;none&#8221; column_border_radius=&#8221;none&#8221; column_link_target=&#8221;_self&#8221; overflow=&#8221;visible&#8221; gradient_direction=&#8221;left_to_right&#8221; overlay_strength=&#8221;0.3&#8243; width=&#8221;1\/3&#8243; tablet_width_inherit=&#8221;default&#8221; animation_type=&#8221;default&#8221; enable_animation=&#8221;true&#8221; animation=&#8221;fade-in-from-bottom&#8221; mobile_disable_entrance_animation=&#8221;true&#8221; animation_easing=&#8221;default&#8221; bg_image_animation=&#8221;none&#8221; border_type=&#8221;simple&#8221; column_border_width=&#8221;none&#8221; column_border_style=&#8221;solid&#8221; column_padding_type=&#8221;default&#8221; gradient_type=&#8221;default&#8221;][team_member image_url=&#8221;631&#8243; bio_alt_image_url=&#8221;571&#8243; team_memeber_style=&#8221;bio_fullscreen_alt&#8221; image_loading=&#8221;default&#8221; team_member_bio_full_html=&#8221;html&#8221; image_size=&#8221;medium&#8221; name=&#8221;FONDAZIONE RICERCA BIOMEDICA AVANZATA &#8211; VIMM&#8221; team_member_mini_bio=&#8221;Oggi rappresenta uno dei poli d\u2019eccellenza a livello internazionale per le ricerche svolte nel campo della biologia cellulare e molecolare.&#8221; social_icon_1=&#8221;fa fa-handshake-o&#8221; social_link_1=&#8221;https:\/\/www.retedeldono.it\/it\/progetti\/fondazione-ricerca-biomedica-avanzata\/run4research-corri-con-il-vimm-2023&#8243; social_icon_2=&#8221;fa fa-facebook&#8221; social_link_2=&#8221;https:\/\/www.facebook.com\/FondazioneRicercaBiomedicaVIMM\/&#8221; social_icon_3=&#8221;fa fa-youtube-play&#8221; social_link_3=&#8221;https:\/\/www.youtube.com\/channel\/UCDjBv2oJmXxBZNdBeLjufzA&#8221; social_icon_4=&#8221;fa fa-twitter&#8221; social_link_4=&#8221;https:\/\/twitter.com\/FRBiomedica&#8221;]La Fondazione Ricerca Biomedica Avanzata Onlus, presieduta dal Prof. Francesco Pagano, \u00e8 nata a Padova nel 1996 con lo scopo di promuovere e realizzare progetti e attivit\u00e0 di ricerca scientifica nel contesto universitario e sanitario del Nord Est. Oggi rappresenta uno dei poli d\u2019eccellenza a livello internazionale per le ricerche svolte nel campo della biologia cellulare e molecolare. Grazie ad un\u2019attenta attivit\u00e0 di partnership con l\u2019Universit\u00e0 di Padova, l\u2019Azienda Ospedaliera e con le eccellenze private locali, la Fondazione si propone inoltre come motore di crescita scientifica, culturale, economica e sociale per il territorio.<br \/>\nPer l\u2019esecuzione dei suoi progetti di ricerca, la Fondazione si avvale, come braccio operativo, dell\u2019Istituto Veneto di Medicina Molecolare (VIMM). All\u2019interno del VIMM operano pi\u00f9 di 180 ricercatori, suddivisi in 20 gruppi coordinati dal Direttore Scientifico Prof. Nicola Elvassore.<br \/>\nAl VIMM i ricercatori hanno il compito di coniugare la ricerca di base (in biologia cellulare, molecolare e strutturale) con quella clinica, secondo il binomio comunemente definito come ricerca traslazionale. Lo stretto legame di questi due ambiti di ricerca \u00e8 strategico per poter trasferire rapidamente in clinica i risultati delle ricerche.<\/p>\n<p>Il filo conduttore dei progetti di ricerca \u00e8 lo studio delle malattie dell\u2019invecchiamento. L\u2019aumentata aspettativa di vita ha portato ad un aumento di malattie ad oggi incurabili, dalle malattie neurodegenerative (Parkinson, Alzheimer, SLA), alle malattie cardiovascolari, ai tumori. I progetti di ricerca sviluppati nel nostro istituto si avvalgono della collaborazione tra scienziati con formazione e competenze diverse, della migliore attrezzatura scientifica disponibile sul panorama mondiale, e di scienziati di fama internazionale, al fine di arrivare pi\u00f9 velocemente possibile alla cura di queste malattie.<\/p>\n<p>Ad oggi i progetti di ricerca sviluppati nel nostro istituto interessano alcune aree tematiche legate a malattie di grande impatto sociale, al fine di arrivare pi\u00f9 velocemente alla cura:<\/p>\n<ul>\n<li>Malattie cardiovascolari<\/li>\n<li>Malattie del metabolismo<\/li>\n<li>Malattie muscolari e perdita di massa muscolare<\/li>\n<li>Neuroscienze e malattie neurodegenerative<\/li>\n<li>Leucemie e tumori solidi<\/li>\n<\/ul>\n<a class=\"nectar-button n-sc-button medium see-through\" target=\"_blank\" href=\"https:\/\/www.retedeldono.it\/it\/progetti\/fondazione-ricerca-biomedica-avanzata\/run4research-corri-con-il-vimm-2023\" data-color-override=\"#ef5054\" data-hover-color-override=\"false\" data-hover-text-color-override=\"#fff\"><span>RACCOLTA FONDI<\/span><\/a>[\/team_member][nectar_btn size=&#8221;large&#8221; open_new_tab=&#8221;true&#8221; button_style=&#8221;see-through&#8221; button_color_2=&#8221;Accent-Color&#8221; icon_family=&#8221;none&#8221; text=&#8221;RACCOLTA FONDI&#8221; url=&#8221;https:\/\/www.retedeldono.it\/it\/progetti\/fondazione-ricerca-biomedica-avanzata\/run4research-corri-con-il-vimm-2023&#8243;][\/vc_column_inner][vc_column_inner column_padding=&#8221;no-extra-padding&#8221; column_padding_tablet=&#8221;inherit&#8221; column_padding_phone=&#8221;inherit&#8221; column_padding_position=&#8221;all&#8221; column_element_direction_desktop=&#8221;default&#8221; column_element_spacing=&#8221;default&#8221; desktop_text_alignment=&#8221;default&#8221; tablet_text_alignment=&#8221;default&#8221; phone_text_alignment=&#8221;default&#8221; background_color_opacity=&#8221;1&#8243; background_hover_color_opacity=&#8221;1&#8243; column_backdrop_filter=&#8221;none&#8221; column_shadow=&#8221;none&#8221; column_border_radius=&#8221;none&#8221; column_link_target=&#8221;_self&#8221; overflow=&#8221;visible&#8221; gradient_direction=&#8221;left_to_right&#8221; overlay_strength=&#8221;0.3&#8243; width=&#8221;1\/3&#8243; tablet_width_inherit=&#8221;default&#8221; animation_type=&#8221;default&#8221; enable_animation=&#8221;true&#8221; animation=&#8221;fade-in-from-bottom&#8221; mobile_disable_entrance_animation=&#8221;true&#8221; animation_easing=&#8221;default&#8221; bg_image_animation=&#8221;none&#8221; border_type=&#8221;simple&#8221; column_border_width=&#8221;none&#8221; column_border_style=&#8221;solid&#8221; column_padding_type=&#8221;default&#8221; gradient_type=&#8221;default&#8221;][team_member image_url=&#8221;621&#8243; bio_alt_image_url=&#8221;571&#8243; team_memeber_style=&#8221;bio_fullscreen_alt&#8221; image_loading=&#8221;default&#8221; team_member_bio_full_html=&#8221;html&#8221; image_size=&#8221;medium&#8221; name=&#8221;MEDICI CON L&#8217;AFRICA CUAMM&#8221; team_member_mini_bio=&#8221;\u00c8 la prima Ong in campo sanitario riconosciuta in Italia e la pi\u00f9 grande organizzazione italiana per la promozione e la tutela della salute delle popolazioni africane.&#8221; social_icon_1=&#8221;fa fa-handshake-o&#8221; social_link_1=&#8221;https:\/\/www.retedeldono.it\/it\/progetti\/medici-con-lafrica-cuamm\/corri-con-lafrica-padova-marathon-0&#8243; social_icon_2=&#8221;fa fa-facebook&#8221; social_link_2=&#8221;https:\/\/www.facebook.com\/mediciconlafricacuamm&#8221; social_icon_3=&#8221;fa fa-instagram&#8221; social_link_3=&#8221;https:\/\/www.instagram.com\/mediciconlafricacuamm\/&#8221; social_icon_4=&#8221;fa fa-youtube-play&#8221; social_link_4=&#8221;https:\/\/www.youtube.com\/user\/mediciconlafrica&#8221;]Nata nel 1950, Medici con l\u2019Africa Cuamm \u00e8 la prima Ong in campo sanitario riconosciuta in Italia e la pi\u00f9 grande organizzazione italiana per la promozione e la tutela della salute delle popolazioni africane. Realizza progetti a lungo termine in un\u2019ottica di sviluppo.<br \/>\nA tale scopo si impegna nella formazione in Italia e in Africa delle risorse umane dedicate, nella ricerca e divulgazione scientifica e nell&#8217;affermazione del diritto fondamentale della salute per tutti.<\/p>\n<p>Scopri di pi\u00f9 sul nostro sito <a href=\"http:\/\/www.mediciconlafrica.org\" target=\"_blank\" rel=\"noopener\">www.mediciconlafrica.org<\/a><\/p>\n<a class=\"nectar-button n-sc-button medium see-through\" target=\"_blank\" href=\"https:\/\/www.retedeldono.it\/it\/progetti\/medici-con-lafrica-cuamm\/corri-con-lafrica-padova-marathon-0\" data-color-override=\"#ef5054\" data-hover-color-override=\"false\" data-hover-text-color-override=\"#fff\"><span>RACCOLTA FONDI<\/span><\/a>[\/team_member][nectar_btn size=&#8221;large&#8221; open_new_tab=&#8221;true&#8221; button_style=&#8221;see-through&#8221; button_color_2=&#8221;Accent-Color&#8221; icon_family=&#8221;none&#8221; text=&#8221;RACCOLTA FONDI&#8221; url=&#8221;https:\/\/www.retedeldono.it\/it\/progetti\/medici-con-lafrica-cuamm\/corri-con-lafrica-padova-marathon-0&#8243;][\/vc_column_inner][\/vc_row_inner][vc_row_inner equal_height=&#8221;yes&#8221; disable_element=&#8221;yes&#8221; column_margin=&#8221;default&#8221; column_direction=&#8221;default&#8221; column_direction_tablet=&#8221;default&#8221; column_direction_phone=&#8221;default&#8221; text_align=&#8221;left&#8221; row_position=&#8221;default&#8221; row_position_tablet=&#8221;inherit&#8221; row_position_phone=&#8221;inherit&#8221; overflow=&#8221;visible&#8221; pointer_events=&#8221;all&#8221; class=&#8221;home-news&#8221;][vc_column_inner column_padding=&#8221;no-extra-padding&#8221; column_padding_tablet=&#8221;inherit&#8221; column_padding_phone=&#8221;inherit&#8221; column_padding_position=&#8221;all&#8221; column_element_direction_desktop=&#8221;default&#8221; column_element_spacing=&#8221;default&#8221; desktop_text_alignment=&#8221;default&#8221; tablet_text_alignment=&#8221;default&#8221; phone_text_alignment=&#8221;default&#8221; background_color_opacity=&#8221;1&#8243; background_hover_color_opacity=&#8221;1&#8243; column_backdrop_filter=&#8221;none&#8221; column_shadow=&#8221;none&#8221; column_border_radius=&#8221;none&#8221; column_link_target=&#8221;_self&#8221; overflow=&#8221;visible&#8221; gradient_direction=&#8221;left_to_right&#8221; overlay_strength=&#8221;0.3&#8243; width=&#8221;1\/3&#8243; tablet_width_inherit=&#8221;default&#8221; animation_type=&#8221;default&#8221; enable_animation=&#8221;true&#8221; animation=&#8221;fade-in-from-bottom&#8221; mobile_disable_entrance_animation=&#8221;true&#8221; animation_easing=&#8221;default&#8221; bg_image_animation=&#8221;none&#8221; border_type=&#8221;simple&#8221; column_border_width=&#8221;none&#8221; column_border_style=&#8221;solid&#8221; column_padding_type=&#8221;default&#8221; gradient_type=&#8221;default&#8221;][team_member image_url=&#8221;622&#8243; bio_alt_image_url=&#8221;571&#8243; team_memeber_style=&#8221;bio_fullscreen_alt&#8221; image_loading=&#8221;default&#8221; team_member_bio_full_html=&#8221;html&#8221; image_size=&#8221;medium&#8221; name=&#8221;GECA ONLUS&#8221; team_member_mini_bio=&#8221;Giovani e cuore aritmico onlus \u2013 GECA onlus \u00e8 un\u2019associazione per la vita, per stare vicino, prendere per mano e sorreggere i giovani e i loro cuori aritmici.&#8221; social_icon_1=&#8221;fa fa-handshake-o&#8221; social_link_1=&#8221;https:\/\/www.retedeldono.it\/it\/progetti\/geca-onlus\/le-aritmie-pericolose-nei-giovani-0&#8243; social_icon_2=&#8221;fa fa-facebook&#8221; social_link_2=&#8221;https:\/\/www.facebook.com\/gecaonlus\/&#8221; social_icon_3=&#8221;fa fa-twitter&#8221; social_link_3=&#8221;https:\/\/twitter.com\/GECA_Onlus&#8221;]Giovani e cuore aritmico onlus \u2013 GECA onlus \u00e8 un\u2019associazione per la vita, per stare vicino, prendere per mano e sorreggere i giovani e i loro cuori aritmici.<br \/>\nL\u2019associazione nasce nel 2000 per lottare contro una malattia di origine genetica, la Cardiomiopatia Aritmogena del Ventricolo Destro, di cui erano e sono ancora sconosciuti molti aspetti e che pu\u00f2 tragicamente causare la morte improvvisa di molti giovani. Negli anni, grazie alla stretta collaborazione con il Reparto di Cardiologia dell\u2019Ospedale di Padova e con numerose altre realt\u00e0 del territorio nazionale, le attivit\u00e0 di assistenza si sono allargate anche ad altre patologie.<br \/>\nGECA onlus ha come impegno principale quello di essere un centro per la prevenzione delle patologie cardiache giovanili a rischio di morte improvvisa e si offre come punto di riferimento per consulenze mediche, genetiche e psicologiche (art. 3 dello Statuto).<br \/>\nIl supporto ai malati e ai loro familiari avviene attraverso varie attivit\u00e0, tutte gratuite.<br \/>\nMeeting informativi per Medici di base, Cardiologi, Medici dello Sport e pazienti con aggiornamento dei ricercatori clinici e genetisti sull\u2019evoluzione della ricerca e sulle applicazioni cliniche.<br \/>\nConsulenze cardiologiche: presso la sede dell\u2019Associazione, il Professor Luciano Daliento e il dottor Bortolo Martini sono a disposizione dei soci per consulenze cardiologiche gratuite.<br \/>\nSupporto psicologico e corti di training autogeno: grazie alla collaborazione con le dottoresse Viviana Marcon e Fabiana Micheluzzi, Geca offre ai propri soci corsi di training autogeno gratuiti mirati ad aiutare i malati e le loro famiglie a rapportarsi in maniera positiva alla quotidianit\u00e0 della vita.<br \/>\nConsulenze dietologiche: a disposizione dei soci che necessitano di un corretto bilanciamento nutrizionale per un cardiopatico.<br \/>\nConsulenze genetiche: medici genetisti a disposizione per chiarire l\u2019ereditariet\u00e0 della malattia.<br \/>\nCorsi di rianimazione cardio-polmonare: programmazione di corsi gratuiti di rianimazione cardio-polmonare che verranno svolti in diverse citt\u00e0 d\u2019Italia grazie alla collaborazione della propria rete di Referenti regionali (che a oggi conta 9 regioni).<br \/>\nProgetto ArtRitmica: il nuovissimo progetto culturale e creativo pensato da Geca onlus, ArtRitmica, ideato per far leva sulle giovani generazioni mediante uno strumento creativo e diretto come l\u2019arte contemporanea. Un progetto che coniuga arte, bellezza, prevenzione, street art, cultura, informazione e che parla direttamente ai giovani.<br \/>\nCentro di riferimento: la sede dell\u2019Associazione, sita a Padova in via J. Crescini 141 bis, \u00e8 aperta dal luned\u00ec al venerd\u00ec con sportello di ascolto.<br \/>\nNumero di riferimento: <a href=\"tel:3356141526\">3356141526<\/a>, recapito telefonico attivo 24 ore su 24, 7 giorni su 7, per qualsiasi emergenza, comunicazione urgente o richiesta di supporto.<\/p>\n<a class=\"nectar-button n-sc-button medium see-through\" target=\"_blank\" href=\"https:\/\/www.retedeldono.it\/it\/progetti\/geca-onlus\/le-aritmie-pericolose-nei-giovani-0\" data-color-override=\"#ef5054\" data-hover-color-override=\"false\" data-hover-text-color-override=\"#fff\"><span>RACCOLTA FONDI<\/span><\/a>[\/team_member][nectar_btn size=&#8221;large&#8221; open_new_tab=&#8221;true&#8221; button_style=&#8221;see-through&#8221; button_color_2=&#8221;Accent-Color&#8221; icon_family=&#8221;none&#8221; text=&#8221;RACCOLTA FONDI&#8221; url=&#8221;https:\/\/www.retedeldono.it\/it\/progetti\/geca-onlus\/le-aritmie-pericolose-nei-giovani-0&#8243;][\/vc_column_inner][vc_column_inner column_padding=&#8221;no-extra-padding&#8221; column_padding_tablet=&#8221;inherit&#8221; column_padding_phone=&#8221;inherit&#8221; column_padding_position=&#8221;all&#8221; column_element_direction_desktop=&#8221;default&#8221; column_element_spacing=&#8221;default&#8221; desktop_text_alignment=&#8221;default&#8221; tablet_text_alignment=&#8221;default&#8221; phone_text_alignment=&#8221;default&#8221; background_color_opacity=&#8221;1&#8243; background_hover_color_opacity=&#8221;1&#8243; column_backdrop_filter=&#8221;none&#8221; column_shadow=&#8221;none&#8221; column_border_radius=&#8221;none&#8221; column_link_target=&#8221;_self&#8221; overflow=&#8221;visible&#8221; gradient_direction=&#8221;left_to_right&#8221; overlay_strength=&#8221;0.3&#8243; width=&#8221;1\/3&#8243; tablet_width_inherit=&#8221;default&#8221; animation_type=&#8221;default&#8221; enable_animation=&#8221;true&#8221; animation=&#8221;fade-in-from-bottom&#8221; mobile_disable_entrance_animation=&#8221;true&#8221; animation_easing=&#8221;default&#8221; bg_image_animation=&#8221;none&#8221; border_type=&#8221;simple&#8221; column_border_width=&#8221;none&#8221; column_border_style=&#8221;solid&#8221; column_padding_type=&#8221;default&#8221; gradient_type=&#8221;default&#8221;][team_member image_url=&#8221;628&#8243; bio_alt_image_url=&#8221;571&#8243; team_memeber_style=&#8221;bio_fullscreen_alt&#8221; image_loading=&#8221;default&#8221; team_member_bio_full_html=&#8221;html&#8221; image_size=&#8221;medium&#8221; name=&#8221;GRUPPO POLIS&#8221; team_member_mini_bio=&#8221;Realizzano servizi educativi, riabilitativi, residenziali ed occupazionali, promuovono il collocamento lavorativo delle persone svantaggiate e sostengono la cultura dell\u2019accoglienza, dell\u2019inclusione e della solidarieta\u0300.&#8221; social_icon_1=&#8221;fa fa-handshake-o&#8221; social_link_1=&#8221;https:\/\/www.retedeldono.it\/it\/progetti\/gruppo-polis\/corri-contro-la-violenza-sulle-donne&#8221; social_icon_2=&#8221;fa fa-facebook&#8221; social_icon_3=&#8221;fa fa-instagram&#8221;]Gruppo Polis riunisce 4 Cooperative Padovane che operano da 30 anni a favore delle persone in difficolta\u0300. Realizzano servizi educativi, riabilitativi, residenziali ed occupazionali, promuovono il collocamento lavorativo delle persone svantaggiate e sostengono la cultura dell\u2019accoglienza, dell\u2019inclusione e della solidarieta\u0300.<\/p>\n<p>Da alcuni anni sono inoltre attivi servizi di accoglienza protetta e di accompagnamento socio-lavorativo per donne vittime di violenza e di tratta. In particolare, il servizio sostenuto grazie al Charity Program della Padova Marathon \u00e8 &#8220;Casa Viola&#8221;: un appartamento per donne vittime di violenza domestica, accompagnate anche dai figli minori, destinato alla seconda fase di accoglienza verso l&#8217;autonomia e l&#8217;inserimento lavorativo.&#8221;<\/p>\n<p>Scopri di pi\u00f9 sul nostro sito: <a href=\"http:\/\/www.gruppopolis.it\" target=\"_blank\" rel=\"noopener\">www.gruppopolis.it<\/a><br \/>\nPer info scrivici a: <a href=\"mailto:running@gruppopolis.it\">running@gruppopolis.it<\/a><\/p>\n<a class=\"nectar-button n-sc-button medium see-through\" target=\"_blank\" href=\"https:\/\/www.retedeldono.it\/it\/progetti\/gruppo-polis\/corri-contro-la-violenza-sulle-donne\" data-color-override=\"#ef5054\" data-hover-color-override=\"false\" data-hover-text-color-override=\"#fff\"><span>RACCOLTA FONDI<\/span><\/a>[\/team_member][nectar_btn size=&#8221;large&#8221; open_new_tab=&#8221;true&#8221; button_style=&#8221;see-through&#8221; button_color_2=&#8221;Accent-Color&#8221; icon_family=&#8221;none&#8221; text=&#8221;RACCOLTA FONDI&#8221; url=&#8221;https:\/\/www.retedeldono.it\/it\/progetti\/gruppo-polis\/corri-contro-la-violenza-sulle-donne&#8221;][\/vc_column_inner][vc_column_inner column_padding=&#8221;no-extra-padding&#8221; column_padding_tablet=&#8221;inherit&#8221; column_padding_phone=&#8221;inherit&#8221; column_padding_position=&#8221;all&#8221; column_element_direction_desktop=&#8221;default&#8221; column_element_spacing=&#8221;default&#8221; desktop_text_alignment=&#8221;default&#8221; tablet_text_alignment=&#8221;default&#8221; phone_text_alignment=&#8221;default&#8221; background_color_opacity=&#8221;1&#8243; background_hover_color_opacity=&#8221;1&#8243; column_backdrop_filter=&#8221;none&#8221; column_shadow=&#8221;none&#8221; column_border_radius=&#8221;none&#8221; column_link_target=&#8221;_self&#8221; overflow=&#8221;visible&#8221; gradient_direction=&#8221;left_to_right&#8221; overlay_strength=&#8221;0.3&#8243; width=&#8221;1\/3&#8243; tablet_width_inherit=&#8221;default&#8221; animation_type=&#8221;default&#8221; enable_animation=&#8221;true&#8221; animation=&#8221;fade-in-from-bottom&#8221; mobile_disable_entrance_animation=&#8221;true&#8221; animation_easing=&#8221;default&#8221; bg_image_animation=&#8221;none&#8221; border_type=&#8221;simple&#8221; column_border_width=&#8221;none&#8221; column_border_style=&#8221;solid&#8221; column_padding_type=&#8221;default&#8221; gradient_type=&#8221;default&#8221;][team_member image_url=&#8221;634&#8243; bio_alt_image_url=&#8221;571&#8243; team_memeber_style=&#8221;bio_fullscreen_alt&#8221; image_loading=&#8221;default&#8221; team_member_bio_full_html=&#8221;html&#8221; image_size=&#8221;medium&#8221; name=&#8221;ASSOCIAZIONE LINFA&#8221; team_member_mini_bio=&#8221;Linfa Odv \u00e8 una associazioni senza scopo di lucro impegnata da anni nella lotta contro le Neurofibromatosi.&#8221; social_icon_1=&#8221;fa fa-handshake-o&#8221; social_link_1=&#8221;https:\/\/www.retedeldono.it\/it\/progetti\/linfa\/una-sfida-per-la-vita&#8221; social_icon_2=&#8221;fa fa-facebook&#8221; social_icon_3=&#8221;fa fa-instagram&#8221;]Linfa Odv \u00e8 una associazioni senza scopo di lucro impegnata da anni nella lotta contro le Neurofibromatosi.<\/p>\n<p>Linfa \u00e8 gestite da pazienti, genitori di bambini con Neurofibromatosi, dai loro medici e da tutti coloro che desiderano contribuire allo sviluppo della ricerca e delle conoscenze sulle Neurofibromatosi.<\/p>\n<ul>\n<li>Persegue esclusivamente finalit\u00e0 di solidariet\u00e0 sociale ed ha i seguenti obiettivi:<\/li>\n<li>diffondere la conoscenza sulla malattia e sensibilizzare l&#8217;opinione pubblica, il mondo della medicina e le istituzioni sulle Neurofibromatosi;<\/li>\n<li>promuovere le necessarie informazioni sui Centri di Eccellenza presenti in Italia e all&#8217;estero per la prevenzione e la cura;<\/li>\n<li>promuovere la ricerca scientifica sulle Neurofibromatosi per trovare una cura;<\/li>\n<li>favorire iniziative per il riconoscimento e la tutela dei diritti delle persone affette da Neurofibromatosi per migliorare la qualit\u00e0 della loro vita;<\/li>\n<li>fornire aiuto, conforto e se occorre sostegno psicologico alle persone affette e ai loro familiari<\/li>\n<\/ul>\n<a class=\"nectar-button n-sc-button medium see-through\" target=\"_blank\" href=\"https:\/\/www.retedeldono.it\/it\/progetti\/linfa\/una-sfida-per-la-vita\" data-color-override=\"#ef5054\" data-hover-color-override=\"false\" data-hover-text-color-override=\"#fff\"><span>RACCOLTA FONDI<\/span><\/a>[\/team_member][nectar_btn size=&#8221;large&#8221; open_new_tab=&#8221;true&#8221; button_style=&#8221;see-through&#8221; button_color_2=&#8221;Accent-Color&#8221; icon_family=&#8221;none&#8221; text=&#8221;RACCOLTA FONDI&#8221; url=&#8221;https:\/\/www.retedeldono.it\/it\/progetti\/linfa\/una-sfida-per-la-vita&#8221;][\/vc_column_inner][\/vc_row_inner][vc_row_inner equal_height=&#8221;yes&#8221; disable_element=&#8221;yes&#8221; column_margin=&#8221;default&#8221; column_direction=&#8221;default&#8221; column_direction_tablet=&#8221;default&#8221; column_direction_phone=&#8221;default&#8221; text_align=&#8221;left&#8221; row_position=&#8221;default&#8221; row_position_tablet=&#8221;inherit&#8221; row_position_phone=&#8221;inherit&#8221; overflow=&#8221;visible&#8221; pointer_events=&#8221;all&#8221; class=&#8221;home-news&#8221;][vc_column_inner column_padding=&#8221;no-extra-padding&#8221; column_padding_tablet=&#8221;inherit&#8221; column_padding_phone=&#8221;inherit&#8221; column_padding_position=&#8221;all&#8221; column_element_direction_desktop=&#8221;default&#8221; column_element_spacing=&#8221;default&#8221; desktop_text_alignment=&#8221;default&#8221; tablet_text_alignment=&#8221;default&#8221; phone_text_alignment=&#8221;default&#8221; background_color_opacity=&#8221;1&#8243; background_hover_color_opacity=&#8221;1&#8243; column_backdrop_filter=&#8221;none&#8221; column_shadow=&#8221;none&#8221; column_border_radius=&#8221;none&#8221; column_link_target=&#8221;_self&#8221; overflow=&#8221;visible&#8221; gradient_direction=&#8221;left_to_right&#8221; overlay_strength=&#8221;0.3&#8243; width=&#8221;1\/3&#8243; tablet_width_inherit=&#8221;default&#8221; animation_type=&#8221;default&#8221; enable_animation=&#8221;true&#8221; animation=&#8221;fade-in-from-bottom&#8221; mobile_disable_entrance_animation=&#8221;true&#8221; animation_easing=&#8221;default&#8221; bg_image_animation=&#8221;none&#8221; border_type=&#8221;simple&#8221; column_border_width=&#8221;none&#8221; column_border_style=&#8221;solid&#8221; column_padding_type=&#8221;default&#8221; gradient_type=&#8221;default&#8221;][team_member image_url=&#8221;624&#8243; bio_alt_image_url=&#8221;571&#8243; team_memeber_style=&#8221;bio_fullscreen_alt&#8221; image_loading=&#8221;default&#8221; team_member_bio_full_html=&#8221;html&#8221; image_size=&#8221;medium&#8221; name=&#8221;ASSOCIAZIONE LUCA OMETTO &#8211; PROGETTO &#8220;PICCOLO PRINCIPE&#8220;&#8221; team_member_mini_bio=&#8221;La mission del progetto \u00e8 quella di operare con campagne di sensibilizzazione e prevenzione delle morti improvvise per arresto cardiaco nei bambini e ragazzi di giovane et\u00e0.&#8221; social_icon_1=&#8221;fa fa-handshake-o&#8221; social_link_1=&#8221;https:\/\/www.retedeldono.it\/it\/progetti\/fondazione-ometto\/corri-per-il-progetto-piccolo-principe&#8221;]Il progetto Piccolo Principe \u00e8 stato lanciato nel 2022 dall&#8217;Associazione Luca Ometto Onlus, in ricordo della prematura scomparsa per arresto cardiaco di Carlo Alberto, giovane atleta delle Fiamme Oro di Padova.<br \/>\nLa mission del progetto \u00e8 quella di operare con campagne di sensibilizzazione e prevenzione delle morti improvvise per arresto cardiaco nei bambini e ragazzi di giovane et\u00e0, finanziare dei progetti di ricerca scientifica e donare dei defibrillatori affinch\u00e9 siano posizionati in tutti i luoghi pubblici del triveneto, ove mancanti, partendo dalla citt\u00e0 di Padova.<br \/>\nAiutaci a sensibilizzare e prevenire gli arresti cardiaci nei bambini.<\/p>\n<a class=\"nectar-button n-sc-button medium see-through\" target=\"_blank\" href=\"https:\/\/www.retedeldono.it\/it\/progetti\/fondazione-ometto\/corri-per-il-progetto-piccolo-principe\" data-color-override=\"#ef5054\" data-hover-color-override=\"false\" data-hover-text-color-override=\"#fff\"><span>RACCOLTA FONDI<\/span><\/a>[\/team_member][nectar_btn size=&#8221;large&#8221; button_style=&#8221;see-through&#8221; button_color_2=&#8221;Accent-Color&#8221; icon_family=&#8221;none&#8221; text=&#8221;RACCOLTA FONDI&#8221; url=&#8221;https:\/\/www.retedeldono.it\/it\/progetti\/fondazione-ometto\/corri-per-il-progetto-piccolo-principe&#8221;][\/vc_column_inner][vc_column_inner column_padding=&#8221;no-extra-padding&#8221; column_padding_tablet=&#8221;inherit&#8221; column_padding_phone=&#8221;inherit&#8221; column_padding_position=&#8221;all&#8221; column_element_direction_desktop=&#8221;default&#8221; column_element_spacing=&#8221;default&#8221; desktop_text_alignment=&#8221;default&#8221; tablet_text_alignment=&#8221;default&#8221; phone_text_alignment=&#8221;default&#8221; background_color_opacity=&#8221;1&#8243; background_hover_color_opacity=&#8221;1&#8243; column_backdrop_filter=&#8221;none&#8221; column_shadow=&#8221;none&#8221; column_border_radius=&#8221;none&#8221; column_link_target=&#8221;_self&#8221; overflow=&#8221;visible&#8221; gradient_direction=&#8221;left_to_right&#8221; overlay_strength=&#8221;0.3&#8243; width=&#8221;1\/3&#8243; tablet_width_inherit=&#8221;default&#8221; animation_type=&#8221;default&#8221; enable_animation=&#8221;true&#8221; animation=&#8221;fade-in-from-bottom&#8221; mobile_disable_entrance_animation=&#8221;true&#8221; animation_easing=&#8221;default&#8221; bg_image_animation=&#8221;none&#8221; border_type=&#8221;simple&#8221; column_border_width=&#8221;none&#8221; column_border_style=&#8221;solid&#8221; column_padding_type=&#8221;default&#8221; gradient_type=&#8221;default&#8221;][team_member image_url=&#8221;626&#8243; bio_alt_image_url=&#8221;571&#8243; team_memeber_style=&#8221;bio_fullscreen_alt&#8221; image_loading=&#8221;default&#8221; team_member_bio_full_html=&#8221;html&#8221; image_size=&#8221;medium&#8221; name=&#8221;PADOVA OSPITALE&#8221; team_member_mini_bio=&#8221;Nasce nel 1996 con l\u2019obiettivo di aiutare i pazienti bisognosi di cure presso le strutture ospedaliere della citt\u00e0 di Padova e costruire Case di Accoglienza per i pazienti e i loro familiari.&#8221; social_icon_1=&#8221;fa fa-handshake-o&#8221; social_link_1=&#8221;https:\/\/www.retedeldono.it\/it\/progetti\/hfl\/i-bambini-spaccapietre-del-benin&#8221;]Padova Ospitale onlus nasce nel 1996 con l\u2019obiettivo di aiutare i pazienti bisognosi di cure presso le strutture ospedaliere della citt\u00e0 di Padova e costruire Case di Accoglienza per i pazienti e i loro familiari.<\/p>\n<p>Nel corso degli anni ha realizzato progetti socio-sanitari, di accoglienza, assistenza e cura rivolti alla fascia povera della popolazione, sia nel territorio cittadino sia nei Paesi in Via di Sviluppo.<\/p>\n<p>I volontari medici, farmacisti, infermieri, sono stati nel tempo affiancati da figure professionali di vario genere; tutti disponibili con il proprio impegno a realizzare i progetti dell\u2019Associazione grazie anche al sostegno solidale<br \/>\ne concreto di cittadini, organizzazioni, istituzioni, associazioni di categoria professionali e imprese.<\/p>\n<p>Durante la sua attivit\u00e0, Padova Ospitale ha ricevuto una medaglia d\u2019argento dal Presidente Carlo Azeglio Ciampi nel 2005, in occasione del suo decennale e una targa di bronzo dal Presidente Giorgio Napolitano nel 2010, in occasione del suo quindicinale. In occasione del suo ventennale, nel 2015, le sono state conferite una medaglia di bronzo dal Senato della Repubblica e una medaglia di bronzo dal Presidente della Repubblica Sergio Mattarella.<\/p>\n<a class=\"nectar-button n-sc-button medium see-through\" target=\"_blank\" href=\"https:\/\/www.retedeldono.it\/it\/progetti\/hfl\/i-bambini-spaccapietre-del-benin\" data-color-override=\"#ef5054\" data-hover-color-override=\"false\" data-hover-text-color-override=\"#fff\"><span>RACCOLTA FONDI<\/span><\/a>[\/team_member][nectar_btn size=&#8221;large&#8221; open_new_tab=&#8221;true&#8221; button_style=&#8221;see-through&#8221; button_color_2=&#8221;Accent-Color&#8221; icon_family=&#8221;none&#8221; text=&#8221;RACCOLTA FONDI&#8221; url=&#8221;https:\/\/www.retedeldono.it\/it\/progetti\/hfl\/i-bambini-spaccapietre-del-benin&#8221;][\/vc_column_inner][vc_column_inner column_padding=&#8221;no-extra-padding&#8221; column_padding_tablet=&#8221;inherit&#8221; column_padding_phone=&#8221;inherit&#8221; column_padding_position=&#8221;all&#8221; column_element_direction_desktop=&#8221;default&#8221; column_element_spacing=&#8221;default&#8221; desktop_text_alignment=&#8221;default&#8221; tablet_text_alignment=&#8221;default&#8221; phone_text_alignment=&#8221;default&#8221; background_color_opacity=&#8221;1&#8243; background_hover_color_opacity=&#8221;1&#8243; column_backdrop_filter=&#8221;none&#8221; column_shadow=&#8221;none&#8221; column_border_radius=&#8221;none&#8221; column_link_target=&#8221;_self&#8221; overflow=&#8221;visible&#8221; gradient_direction=&#8221;left_to_right&#8221; overlay_strength=&#8221;0.3&#8243; width=&#8221;1\/3&#8243; tablet_width_inherit=&#8221;default&#8221; animation_type=&#8221;default&#8221; enable_animation=&#8221;true&#8221; animation=&#8221;fade-in-from-bottom&#8221; mobile_disable_entrance_animation=&#8221;true&#8221; animation_easing=&#8221;default&#8221; bg_image_animation=&#8221;none&#8221; border_type=&#8221;simple&#8221; column_border_width=&#8221;none&#8221; column_border_style=&#8221;solid&#8221; column_padding_type=&#8221;default&#8221; gradient_type=&#8221;default&#8221;][team_member image_url=&#8221;627&#8243; bio_alt_image_url=&#8221;571&#8243; team_memeber_style=&#8221;bio_fullscreen_alt&#8221; image_loading=&#8221;default&#8221; team_member_bio_full_html=&#8221;html&#8221; image_size=&#8221;medium&#8221; name=&#8221;PICCOLI PUNTI ONLUS&#8221; team_member_mini_bio=&#8221;L\u2019associazione si impegna a rendere il melanoma sempre pi\u00f9 curabile e porta avanti progetti di prevenzione e sensibilizzazione sul territorio veneto.&#8221; social_icon_1=&#8221;fa fa-handshake-o&#8221; social_link_1=&#8221;https:\/\/www.retedeldono.it\/it\/progetti\/associazione-piccoli-punti\/sostieni-la-prevenzione-del-meloma&#8221;]L\u2019associazione Piccoli Punti dal 2006 si impegna a rendere il melanoma sempre pi\u00f9 curabile e porta avanti progetti di prevenzione e sensibilizzazione sul territorio veneto.<\/p>\n<p>Nata dall\u2019incontro di alcuni medici ricercatori con alcuni imprenditori veneti con l\u2019obiettivo di svolgere attivit\u00e0 di prevenzione e di finanziare la ricerca e la diagnosi precoce del melanoma, nei 15 anni di attivit\u00e0 l\u2019associazione ha sostenuto l\u2019 Unit\u00e0 Operativa Complessa di Chirurgia Oncologica dello IOV &#8211; Istituto Oncologico Veneto con sede a Padova e l&#8217;Universit\u00e0 degli Studi di Padova.<\/p>\n<p>Il melanoma \u00e8 un tumore della pelle molto aggressivo, negli ultimi 15 anni il numero di casi di melanoma \u00e8 praticamente raddoppiato, solo in Italia ogni anno si registrano 14.000 nuovi casi. Obiettivo di Piccoli Punti \u00e8 anche quello di educare la popolazione sui fattori di rischio del melanoma, promuovendo a larga scala la cultura della Prevenzione.<\/p>\n<p>Negli ultimi anni, grazie soprattutto alla maggiore attenzione posta al problema, all\u2019aumento delle diagnosi precoci e alle tecniche di diagnostica non invasiva, la sopravvivenza a 5 anni dalla diagnosi di melanoma ha mostrato un costante miglioramento. Siamo convinti che solo con una continua attenzione alle attivit\u00e0 di Educazione, Prevenzione e Ricerca, sar\u00e0 possibile sconfiggere il melanoma. Grazie al contributo di cittadini e aziende del territorio, in questi anni l\u2019Associazione ha contributo a sostenere progetti di ricerca finalizzati a migliorare la qualit\u00e0 della vita dei pazienti di melanoma.<br \/>\nSin dalla sua fondazione, presidente dell\u2019Associazione Piccoli Punti \u00e8 Paolo Castorina. Il Coordinatore Scientifico \u00e8 il prof. Carlo Riccardo Rossi, gi\u00e0 responsabile dell\u2019Unit\u00e0 Operativa Complessa di Chirurgia Oncologia dell\u2019Istituto Oncologico Veneto e gi\u00e0 presidente dell\u2019Intergruppo Melanoma Italiano.<\/p>\n<a class=\"nectar-button n-sc-button medium see-through\" target=\"_blank\" href=\"https:\/\/www.retedeldono.it\/it\/progetti\/associazione-piccoli-punti\/sostieni-la-prevenzione-del-meloma\" data-color-override=\"#ef5054\" data-hover-color-override=\"false\" data-hover-text-color-override=\"#fff\"><span>RACCOLTA FONDI<\/span><\/a>[\/team_member][nectar_btn size=&#8221;large&#8221; button_style=&#8221;see-through&#8221; button_color_2=&#8221;Accent-Color&#8221; icon_family=&#8221;none&#8221; text=&#8221;RACCOLTA FONDI&#8221; url=&#8221;https:\/\/www.retedeldono.it\/it\/progetti\/associazione-piccoli-punti\/sostieni-la-prevenzione-del-meloma&#8221;][\/vc_column_inner][\/vc_row_inner][vc_row_inner equal_height=&#8221;yes&#8221; disable_element=&#8221;yes&#8221; column_margin=&#8221;default&#8221; column_direction=&#8221;default&#8221; column_direction_tablet=&#8221;default&#8221; column_direction_phone=&#8221;default&#8221; text_align=&#8221;left&#8221; row_position=&#8221;default&#8221; row_position_tablet=&#8221;inherit&#8221; row_position_phone=&#8221;inherit&#8221; overflow=&#8221;visible&#8221; pointer_events=&#8221;all&#8221; class=&#8221;home-news&#8221;][vc_column_inner column_padding=&#8221;no-extra-padding&#8221; column_padding_tablet=&#8221;inherit&#8221; column_padding_phone=&#8221;inherit&#8221; column_padding_position=&#8221;all&#8221; column_element_direction_desktop=&#8221;default&#8221; column_element_spacing=&#8221;default&#8221; desktop_text_alignment=&#8221;default&#8221; tablet_text_alignment=&#8221;default&#8221; phone_text_alignment=&#8221;default&#8221; background_color_opacity=&#8221;1&#8243; background_hover_color_opacity=&#8221;1&#8243; column_backdrop_filter=&#8221;none&#8221; column_shadow=&#8221;none&#8221; column_border_radius=&#8221;none&#8221; column_link_target=&#8221;_self&#8221; overflow=&#8221;visible&#8221; gradient_direction=&#8221;left_to_right&#8221; overlay_strength=&#8221;0.3&#8243; width=&#8221;1\/3&#8243; tablet_width_inherit=&#8221;default&#8221; animation_type=&#8221;default&#8221; enable_animation=&#8221;true&#8221; animation=&#8221;fade-in-from-bottom&#8221; mobile_disable_entrance_animation=&#8221;true&#8221; animation_easing=&#8221;default&#8221; bg_image_animation=&#8221;none&#8221; border_type=&#8221;simple&#8221; column_border_width=&#8221;none&#8221; column_border_style=&#8221;solid&#8221; column_padding_type=&#8221;default&#8221; gradient_type=&#8221;default&#8221;][team_member image_url=&#8221;630&#8243; bio_alt_image_url=&#8221;571&#8243; team_memeber_style=&#8221;bio_fullscreen_alt&#8221; image_loading=&#8221;default&#8221; team_member_bio_full_html=&#8221;html&#8221; image_size=&#8221;medium&#8221; name=&#8221;RYLA ONLUS&#8221; team_member_mini_bio=&#8221;Nasce su iniziativa di una paziente dell&#8217;Istituto Oncologico Veneto di Padova durante il suo percorso di cura scopre nella corsa uno sprone, una fonte di energia per combattere il tumore;&#8221; social_icon_1=&#8221;fa fa-handshake-o&#8221; social_link_1=&#8221;https:\/\/www.retedeldono.it\/it\/progetti\/ryla-onlus\/ryla-alla-padova-marathon-2023&#8243;]Run Your Life Again RYLA onlus \u00e8 nata nel 2015 su iniziativa di una paziente dell&#8217;Istituto Oncologico Veneto di Padova, Sandra Callegarin; durante il suo percorso di cura scopre nella corsa uno sprone, una fonte di energia per combattere il tumore; terminate le cure decide di condividere la sua esperienza di malattia e di corsa e di tradurla in un progetto da realizzare insieme all\u2019Istituto Oncologico Veneto IOV di Padova che l\u2019ha curata.<\/p>\n<p>Costituisce con il marito la Onlus Run Your Life Again \u2013 RYLA e con il patrocinio, collaborazione e coordinamento dell\u2019Istituto Oncologico Veneto I.R.C.C.S. e la collaborazione dell\u2019UOC Medicina dello Sport e dell\u2019Esercizio Azienda Ospedaliera di Padova raduna una squadra di donne operate di tumore al seno e una rappresentanza del personale medico dell\u2019Istituto Oncologico Veneto IOV che le ha seguite, insieme alle quali affrontare, dopo la sfida della malattia, quella di correre la Maratona di New York 2016.E dopo il traguardo di New York, la squadra ha corso la maratona di Valencia a novembre 2017 e con una squadra raddoppiata, quella di Londra lo scorso aprile 2018 e ora sta per ripartire con nuovi obiettivi e ulteriore ampliamento della squadra!<\/p>\n<p>LA MISSION DI RYLA, col progetto RUN FOR IOV \u00e8<br \/>\n&#8211; la riabilitazione psicofisica delle pazienti di tumore al seno attraverso la corsa vissuta come squadra insieme a rappresentanti del personale medico e infermieristico dello IOV che le hanno curate con i quali dopo aver corso la maratona contro il cancro, allenarsi ed arrivare a correre una vera maratona. Una vera rappresentazione dell\u2019alleanza medico\/paziente Pazienti e medici insieme!<br \/>\n&#8211; la sensibilizzazione riguardo all&#8217;importanza della prevenzione per una patologia che \u00e8 la principale causa di morte della popolazione femminile mondiale oggi;<br \/>\n&#8211; la diffusione di un messaggio di speranza di coraggio per le pazienti di oggi, che faccia vedere una luce in fondo al tunnel della malattia a quelle donne che in quel tunnel sono ancora, dimostrando che dopo un tumore al seno, una volta concluse le terapie, si pu\u00f2 riprendere a correre a pieno la propria vita;<br \/>\n&#8211; la raccolta di fondi per la Breast Unit e la ricerca contro il tumore al seno dell&#8217;Istituto Oncologico Veneto<\/p>\n<p>VUOI SAPERNE DI PI\u00d9? <a href=\"mailto:runyourlifeagain@gmail.com\">runyourlifeagain@gmail.com<\/a><\/p>\n<a class=\"nectar-button n-sc-button medium see-through\" target=\"_blank\" href=\"https:\/\/www.retedeldono.it\/it\/progetti\/ryla-onlus\/ryla-alla-padova-marathon-2023\" data-color-override=\"#ef5054\" data-hover-color-override=\"false\" data-hover-text-color-override=\"#fff\"><span>RACCOLTA FONDI<\/span><\/a>[\/team_member][nectar_btn size=&#8221;large&#8221; open_new_tab=&#8221;true&#8221; button_style=&#8221;see-through&#8221; button_color_2=&#8221;Accent-Color&#8221; icon_family=&#8221;none&#8221; text=&#8221;RACCOLTA FONDI&#8221; url=&#8221;https:\/\/www.retedeldono.it\/it\/progetti\/ryla-onlus\/ryla-alla-padova-marathon-2023&#8243;][\/vc_column_inner][vc_column_inner column_padding=&#8221;no-extra-padding&#8221; column_padding_tablet=&#8221;inherit&#8221; column_padding_phone=&#8221;inherit&#8221; column_padding_position=&#8221;all&#8221; column_element_direction_desktop=&#8221;default&#8221; column_element_spacing=&#8221;default&#8221; desktop_text_alignment=&#8221;default&#8221; tablet_text_alignment=&#8221;default&#8221; phone_text_alignment=&#8221;default&#8221; background_color_opacity=&#8221;1&#8243; background_hover_color_opacity=&#8221;1&#8243; column_backdrop_filter=&#8221;none&#8221; column_shadow=&#8221;none&#8221; column_border_radius=&#8221;none&#8221; column_link_target=&#8221;_self&#8221; overflow=&#8221;visible&#8221; gradient_direction=&#8221;left_to_right&#8221; overlay_strength=&#8221;0.3&#8243; width=&#8221;1\/3&#8243; tablet_width_inherit=&#8221;default&#8221; animation_type=&#8221;default&#8221; enable_animation=&#8221;true&#8221; animation=&#8221;fade-in-from-bottom&#8221; mobile_disable_entrance_animation=&#8221;true&#8221; animation_easing=&#8221;default&#8221; bg_image_animation=&#8221;none&#8221; border_type=&#8221;simple&#8221; column_border_width=&#8221;none&#8221; column_border_style=&#8221;solid&#8221; column_padding_type=&#8221;default&#8221; gradient_type=&#8221;default&#8221;][team_member image_url=&#8221;632&#8243; bio_alt_image_url=&#8221;571&#8243; team_memeber_style=&#8221;bio_fullscreen_alt&#8221; image_loading=&#8221;default&#8221; team_member_bio_full_html=&#8221;html&#8221; image_size=&#8221;medium&#8221; name=&#8221;ZIA FRANCESCA ONLUS&#8221; team_member_mini_bio=&#8221;LAssociazione si occupa di raccogliere fondi da destinare a tre importanti progetti sociali.&#8221;]L&#8217;Associazione Zia Francesca Onlus nasce nel 2015 per mantenere vivo il ricordo di una persona speciale come Francesca Callegaro, scomparsa prematuramente all&#8217;et\u00e0 di 31 anni. Francesca era piena di amore per gli altri, attenta e sensibile verso i meno fortunati e verso chi aveva bisogno di aiuto. Per iniziativa della sorella Maela, per far continuare a splendere questa piccola grande luce solidale, \u00e8 nata l&#8217;Associazione a lei intitolata. Attualmente l&#8217;Associazione si occupa di raccogliere fondi da destinare a tre importanti progetti sociali: l\u2019ENPA, di cui Francesca era volontaria; \u00abAiuta la vita\u00bb, con il sostegno all\u2019 l\u2019Unit\u00e0 operativa di Medicina Materno Fetale per le gravidanze a rischio nell\u2019Ospedale di Padova; \u00abAiuta la donna\u00bb con il coinvolgimento della Scuola dell\u2019Infanzia e Nido Integrato San Gaetano, della Parrocchia di San Gaetano di Padova.<\/p>\n<p>www.associazioneziafrancescaonlus.it<\/p>\n<p>L\u2019Associazione Zia Francesca Onlus, tramite il progetto \u201cAiuta la vita\u201d, da anni sostiene i progetti dell\u2019Unit\u00e0 operativa di Medicina Materno Fetale per le gravidanze a rischio nell\u2019Ospedale di Padova, diretta dal prof. Erich Cosmi, Direttore della Scuola di Specializzazione in Ginecologia ed Ostetricia e Presidente del Corso di Laurea in Ostetricia.<br \/>\nLa raccolta legata alla Padova Marathon 2022 \u00e8 destinata a sostenere l\u2019acquisto di \u201csimulatori del parto\u201d (e\/o componenti di esso). Si tratta di un ausilio didattico di grande utilit\u00e0 per formare le future ostetriche e metterle in grado di affrontare sia un parto fisiologico che patologico.<br \/>\nL\u2019utilizzo del simulatore si \u00e8 rivelato davvero efficace per migliorare la qualit\u00e0 della formazione in quanto mette gli studenti nelle condizioni di sperimentarsi direttamente nell&#8217;applicazione delle conoscenze, l&#8217;adesione ai protocolli e la capacit\u00e0 di reazione in situazioni di emergenza.<br \/>\nPer questo, per contribuire a rendere il parto sempre pi\u00f9 sicuro per le future mamme e sostenere \u201cla vita\u201d, il bene pi\u00f9 prezioso, l\u2019Associazione Zia Francesca ha avviato una raccolta fondi ad hoc.[\/team_member][nectar_btn size=&#8221;large&#8221; open_new_tab=&#8221;true&#8221; button_style=&#8221;see-through&#8221; button_color_2=&#8221;Accent-Color&#8221; icon_family=&#8221;none&#8221; text=&#8221;RACCOLTA FONDI&#8221; url=&#8221;https:\/\/www.retedeldono.it\/it\/progetti\/ass.-zia-francesca-onlus\/un-anno-di-scuola-per-giulia-e-marco&#8221;][\/vc_column_inner][vc_column_inner column_padding=&#8221;no-extra-padding&#8221; column_padding_tablet=&#8221;inherit&#8221; column_padding_phone=&#8221;inherit&#8221; column_padding_position=&#8221;all&#8221; column_element_direction_desktop=&#8221;default&#8221; column_element_spacing=&#8221;default&#8221; desktop_text_alignment=&#8221;default&#8221; tablet_text_alignment=&#8221;default&#8221; phone_text_alignment=&#8221;default&#8221; background_color_opacity=&#8221;1&#8243; background_hover_color_opacity=&#8221;1&#8243; column_backdrop_filter=&#8221;none&#8221; column_shadow=&#8221;none&#8221; column_border_radius=&#8221;none&#8221; column_link_target=&#8221;_self&#8221; overflow=&#8221;visible&#8221; gradient_direction=&#8221;left_to_right&#8221; overlay_strength=&#8221;0.3&#8243; width=&#8221;1\/3&#8243; tablet_width_inherit=&#8221;default&#8221; animation_type=&#8221;default&#8221; enable_animation=&#8221;true&#8221; animation=&#8221;fade-in-from-bottom&#8221; mobile_disable_entrance_animation=&#8221;true&#8221; animation_easing=&#8221;default&#8221; bg_image_animation=&#8221;none&#8221; border_type=&#8221;simple&#8221; column_border_width=&#8221;none&#8221; column_border_style=&#8221;solid&#8221; column_padding_type=&#8221;default&#8221; gradient_type=&#8221;default&#8221;][team_member image_url=&#8221;618&#8243; bio_alt_image_url=&#8221;571&#8243; team_memeber_style=&#8221;bio_fullscreen_alt&#8221; image_loading=&#8221;default&#8221; team_member_bio_full_html=&#8221;html&#8221; image_size=&#8221;medium&#8221; name=&#8221;CENTRO VENETO PROGETTI DONNA&#8221; team_member_mini_bio=&#8221;A Padova c&#8217;\u00e8 un gruppo di donne che lavora da anni affinch\u00e9 la violenza contro le donne non continui ad essere un fatto normale.&#8221; social_icon_1=&#8221;fa fa-handshake-o&#8221; social_link_1=&#8221;https:\/\/www.retedeldono.it\/it\/progetti\/centro-veneto-progetti-donna\/supporta-lo-sportello-marielle&#8221;]A Padova c&#8217;\u00e8 un gruppo di donne che lavora da anni affinch\u00e9 la violenza contro le donne non continui ad essere un fatto normale. Sono le psicologhe, le avvocate, le educatrici e le volontarie del Centro Veneto Progetti Donna, l&#8217;associazione che gestisce i quattro Centri antiviolenza riconosciuti nella nostra provincia e che collabora in modo attivo con tutte le realt\u00e0 pubbliche e del privato sociale. Insieme ai quattro Centri, l&#8217;associazione gestisce sette Sportelli antiviolenza nel territorio provinciale.<br \/>\nIl Centro Veneto Progetti Donna \u00e8 un\u2019Associazione di volontariato &#8211; ONLUS che offre sostegno a donne, italiane e straniere, in difficolt\u00e0 e coinvolte in situazioni di violenza e maltrattamento familiare e non. Nasce a Padova nel 1990 per iniziativa di un gruppo di donne per dare una risposta concreta alle numerose richieste di aiuto.<br \/>\nIl Centro antiviolenza \u00e8 un Progetto del Centro Veneto Progetti Donna che accoglie le donne vittime di violenza. Ogni giorno, da trent\u2019anni, le operatrici del Centro accolgono le donne in difficolt\u00e0, ascoltano le loro storie, offrono supporto psicologico e, se necessario, anche legale.<br \/>\nLe operatrici impegnate nel Centro antiviolenza sono psicologhe con una formazione specifica nelle tematiche della violenza coniugale e intrafamiliare e si impegnano nell\u2019accreditamento formativo continuo.<\/p>\n<a class=\"nectar-button n-sc-button medium see-through\" target=\"_blank\" href=\"https:\/\/www.retedeldono.it\/it\/progetti\/centro-veneto-progetti-donna\/supporta-lo-sportello-marielle\" data-color-override=\"#ef5054\" data-hover-color-override=\"false\" data-hover-text-color-override=\"#fff\"><span>RACCOLTA FONDI<\/span><\/a>[\/team_member][nectar_btn size=&#8221;large&#8221; button_style=&#8221;see-through&#8221; button_color_2=&#8221;Accent-Color&#8221; icon_family=&#8221;none&#8221; text=&#8221;RACCOLTA FONDI&#8221; url=&#8221;https:\/\/www.retedeldono.it\/it\/progetti\/centro-veneto-progetti-donna\/supporta-lo-sportello-marielle&#8221;][\/vc_column_inner][\/vc_row_inner][vc_row_inner equal_height=&#8221;yes&#8221; disable_element=&#8221;yes&#8221; column_margin=&#8221;default&#8221; column_direction=&#8221;default&#8221; column_direction_tablet=&#8221;default&#8221; column_direction_phone=&#8221;default&#8221; text_align=&#8221;left&#8221; row_position=&#8221;default&#8221; row_position_tablet=&#8221;inherit&#8221; row_position_phone=&#8221;inherit&#8221; overflow=&#8221;visible&#8221; pointer_events=&#8221;all&#8221; class=&#8221;home-news&#8221;][vc_column_inner column_padding=&#8221;no-extra-padding&#8221; column_padding_tablet=&#8221;inherit&#8221; column_padding_phone=&#8221;inherit&#8221; column_padding_position=&#8221;all&#8221; column_element_direction_desktop=&#8221;default&#8221; column_element_spacing=&#8221;default&#8221; desktop_text_alignment=&#8221;default&#8221; tablet_text_alignment=&#8221;default&#8221; phone_text_alignment=&#8221;default&#8221; background_color_opacity=&#8221;1&#8243; background_hover_color_opacity=&#8221;1&#8243; column_backdrop_filter=&#8221;none&#8221; column_shadow=&#8221;none&#8221; column_border_radius=&#8221;none&#8221; column_link_target=&#8221;_self&#8221; overflow=&#8221;visible&#8221; gradient_direction=&#8221;left_to_right&#8221; overlay_strength=&#8221;0.3&#8243; width=&#8221;1\/3&#8243; tablet_width_inherit=&#8221;default&#8221; animation_type=&#8221;default&#8221; enable_animation=&#8221;true&#8221; animation=&#8221;fade-in-from-bottom&#8221; mobile_disable_entrance_animation=&#8221;true&#8221; animation_easing=&#8221;default&#8221; bg_image_animation=&#8221;none&#8221; border_type=&#8221;simple&#8221; column_border_width=&#8221;none&#8221; column_border_style=&#8221;solid&#8221; column_padding_type=&#8221;default&#8221; gradient_type=&#8221;default&#8221;][team_member image_url=&#8221;625&#8243; bio_alt_image_url=&#8221;571&#8243; team_memeber_style=&#8221;bio_fullscreen_alt&#8221; image_loading=&#8221;default&#8221; team_member_bio_full_html=&#8221;html&#8221; image_size=&#8221;medium&#8221; name=&#8221;LA MIGLIOR VITA POSSIBILE&#8221; team_member_mini_bio=&#8221;Promuove e sostiene lo studio, la diffusione della cultura e delle opportunit\u00e0 di avanzamento scientifico e del miglioramento delle condizioni di salute e di vita della popolazione pediatrica sottoposta a cure palliative.&#8221; social_icon_1=&#8221;fa fa-handshake-o&#8221; social_link_1=&#8221;https:\/\/www.retedeldono.it\/it\/progetti\/la-miglior-vita-possibile-odv\/fiato-e-cuore-per-lhospice-pediatrico&#8221;]Costituita nel 2018, promuove e sostiene lo studio, la diffusione della cultura e delle opportunit\u00e0 di avanzamento scientifico e del miglioramento delle condizioni di salute e di vita della popolazione pediatrica sottoposta a cure palliative, sensibilizzando gli esponenti del mondo imprenditoriale e della cultura scientifica e tecnologica alla realizzazione di metodologie, strumenti e protocolli di cura sempre pi\u00f9 avanzati ed efficaci nel campo delle Cure Palliative pediatriche.<br \/>\nL\u2019Associazione sostiene e supporta la realizzazione di progetti di cura e assistenza alla popolazione pediatrica mediante collaborazione tra settore pubblico e privato. Promuove attivit\u00e0 volte alla individuazione, creazione ed acquisizione di risorse economiche a sostegno della ricerca scientifica e tecnologica nel campo delle cure palliative pediatriche, nonch\u00e9 dei progetti attuativi e di cura in tale ambito.<br \/>\nI fondi comunque ottenuti saranno integralmente e direttamente investiti nello sviluppo dei progetti e delle iniziative conformi alle finalit\u00e0 dell\u2019associazione.<\/p>\n<a class=\"nectar-button n-sc-button medium see-through\" target=\"_blank\" href=\"https:\/\/www.retedeldono.it\/it\/progetti\/la-miglior-vita-possibile-odv\/fiato-e-cuore-per-lhospice-pediatrico\" data-color-override=\"#ef5054\" data-hover-color-override=\"false\" data-hover-text-color-override=\"#fff\"><span>RACCOLTA FONDI<\/span><\/a>[\/team_member][nectar_btn size=&#8221;large&#8221; open_new_tab=&#8221;true&#8221; button_style=&#8221;see-through&#8221; button_color_2=&#8221;Accent-Color&#8221; icon_family=&#8221;none&#8221; text=&#8221;RACCOLTA FONDI&#8221; url=&#8221;https:\/\/www.retedeldono.it\/it\/progetti\/la-miglior-vita-possibile-odv\/fiato-e-cuore-per-lhospice-pediatrico&#8221;][\/vc_column_inner][vc_column_inner column_padding=&#8221;no-extra-padding&#8221; column_padding_tablet=&#8221;inherit&#8221; column_padding_phone=&#8221;inherit&#8221; column_padding_position=&#8221;all&#8221; column_element_direction_desktop=&#8221;default&#8221; column_element_spacing=&#8221;default&#8221; desktop_text_alignment=&#8221;default&#8221; tablet_text_alignment=&#8221;default&#8221; phone_text_alignment=&#8221;default&#8221; background_color_opacity=&#8221;1&#8243; background_hover_color_opacity=&#8221;1&#8243; column_backdrop_filter=&#8221;none&#8221; column_shadow=&#8221;none&#8221; column_border_radius=&#8221;none&#8221; column_link_target=&#8221;_self&#8221; overflow=&#8221;visible&#8221; gradient_direction=&#8221;left_to_right&#8221; overlay_strength=&#8221;0.3&#8243; width=&#8221;1\/3&#8243; tablet_width_inherit=&#8221;default&#8221; animation_type=&#8221;default&#8221; enable_animation=&#8221;true&#8221; animation=&#8221;fade-in-from-bottom&#8221; mobile_disable_entrance_animation=&#8221;true&#8221; animation_easing=&#8221;default&#8221; bg_image_animation=&#8221;none&#8221; border_type=&#8221;simple&#8221; column_border_width=&#8221;none&#8221; column_border_style=&#8221;solid&#8221; column_padding_type=&#8221;default&#8221; gradient_type=&#8221;default&#8221;][team_member image_url=&#8221;629&#8243; bio_alt_image_url=&#8221;571&#8243; team_memeber_style=&#8221;bio_fullscreen_alt&#8221; image_loading=&#8221;default&#8221; team_member_bio_full_html=&#8221;html&#8221; image_size=&#8221;medium&#8221; name=&#8221;ASSOCIAZIONE PULCINO&#8221; team_member_mini_bio=&#8221;Si occupa di neonati prematuri, sostiene le &#8220;famiglie premature&#8220; ed i reparti di terapia intensiva neonatale e supporta i bambini nel loro percorso di crescita.&#8221; social_icon_1=&#8221;fa fa-handshake-o&#8221; social_link_1=&#8221;https:\/\/www.retedeldono.it\/it\/progetti\/home-visit&#8221;]Dal 1996 l&#8217;Associazione Pulcino si occupa di neonati prematuri, sostiene le &#8220;famiglie premature&#8221; ed i reparti di terapia intensiva neonatale e supporta i bambini nel loro percorso di crescita.<br \/>\nOggi grazie agli ottimi risultati della neonatologia possono sopravvivere bambini che nascono alla 23ma settimana di gestazione cio\u00e8 al quinto mese di gravidanza, ma sono fragili bambini che hanno sempre un gran bisogno di cure e di attenzioni particolari anche dopo la dimissione.<br \/>\nNoi, genitori volontari dell&#8217;Associazione Pulcino, ci impegniamo per due obiettivi primari: incentivare la qualit\u00e0 della degenza ospedaliera e favorire le condizioni per un&#8217;ottimale crescita di questi bambini.<br \/>\nAnche se alcuni di questi &#8220;Pulcini&#8221; non raggiungono i 400 grammi alla nascita, hanno il diritto di ottenere il &#8220;giusto peso&#8221; ed una particolare attenzione in tutte le fasi dello sviluppo.<\/p>\n<a class=\"nectar-button n-sc-button medium see-through\" target=\"_blank\" href=\"https:\/\/www.retedeldono.it\/it\/progetti\/home-visit\" data-color-override=\"#ef5054\" data-hover-color-override=\"false\" data-hover-text-color-override=\"#fff\"><span>RACCOLTA FONDI<\/span><\/a>[\/team_member][nectar_btn size=&#8221;large&#8221; open_new_tab=&#8221;true&#8221; button_style=&#8221;see-through&#8221; button_color_2=&#8221;Accent-Color&#8221; icon_family=&#8221;none&#8221; text=&#8221;RACCOLTA FONDI&#8221; url=&#8221;https:\/\/www.retedeldono.it\/it\/progetti\/home-visit&#8221;][\/vc_column_inner][vc_column_inner column_padding=&#8221;no-extra-padding&#8221; column_padding_tablet=&#8221;inherit&#8221; column_padding_phone=&#8221;inherit&#8221; column_padding_position=&#8221;all&#8221; column_element_direction_desktop=&#8221;default&#8221; column_element_spacing=&#8221;default&#8221; desktop_text_alignment=&#8221;default&#8221; tablet_text_alignment=&#8221;default&#8221; phone_text_alignment=&#8221;default&#8221; background_color_opacity=&#8221;1&#8243; background_hover_color_opacity=&#8221;1&#8243; column_backdrop_filter=&#8221;none&#8221; column_shadow=&#8221;none&#8221; column_border_radius=&#8221;none&#8221; column_link_target=&#8221;_self&#8221; overflow=&#8221;visible&#8221; gradient_direction=&#8221;left_to_right&#8221; overlay_strength=&#8221;0.3&#8243; width=&#8221;1\/3&#8243; tablet_width_inherit=&#8221;default&#8221; animation_type=&#8221;default&#8221; enable_animation=&#8221;true&#8221; animation=&#8221;fade-in-from-bottom&#8221; mobile_disable_entrance_animation=&#8221;true&#8221; animation_easing=&#8221;default&#8221; bg_image_animation=&#8221;none&#8221; border_type=&#8221;simple&#8221; column_border_width=&#8221;none&#8221; column_border_style=&#8221;solid&#8221; column_padding_type=&#8221;default&#8221; gradient_type=&#8221;default&#8221;][team_member image_url=&#8221;620&#8243; bio_alt_image_url=&#8221;571&#8243; team_memeber_style=&#8221;bio_fullscreen_alt&#8221; image_loading=&#8221;default&#8221; team_member_bio_full_html=&#8221;html&#8221; image_size=&#8221;medium&#8221; name=&#8221;DOTTOR CLOWN PADOVA&#8221; team_member_mini_bio=&#8221;Nasce grazie ad un gruppetto di giovani, incuriositi dalla personalit\u00e0 e dalle attivit\u00e0 del Dott. Evaristo Arnaldi, fondatore della Confederazione \u201cDottor Clown Italia\u201d, che gi\u00e0 svolgeva servizio di clownterapia&#8221; social_icon_1=&#8221;fa fa-handshake-o&#8221; social_link_1=&#8221;https:\/\/www.retedeldono.it\/it\/progetti\/dottor-clown-padova-odv\/accompagnamento-alla-sala-operatoria&#8221;]La nostra associazione \u201cDottor Clown Padova\u201d nasce grazie ad un gruppetto di giovani, incuriositi dalla personalit\u00e0 e dalle attivit\u00e0 del Dott. Evaristo Arnaldi, fondatore della Confederazione \u201cDottor Clown Italia\u201d, che gi\u00e0 svolgeva servizio di clownterapia presso l\u2019Ospedale San Bortolo di Vicenza.<br \/>\nIl desiderio di intraprendere lo stesso percorso, per portare un sorriso anche nei reparti pediatrici dell\u2019Azienda Ospedaliera di Padova, era talmente grande che decisero di imitarlo. Grazie al generoso e immediato supporto dello stesso Evaristo, in arte Dott. Baristo, il gruppetto padovano inizi\u00f2 un percorso formativo, con un tirocinio nelle corsie dell\u2019ospedale vicentino, che in breve tempo lo port\u00f2 a varcare le soglie delle corsie dell\u2019Ospedale Pediatrico di Padova.<br \/>\nPasso dopo passo, formazione dopo formazione, quel gruppetto crebbe in numero ed esperienze.<br \/>\nOggi siamo un gruppo di circa 50 persone e prestiamo servizio in tutti i reparti di pediatria dell\u2019Azienda Ospedaliera di Padova, compresa l\u2019oncoematologia pediatrica, e anche nei reparti di geriatria e medicina dell\u2019ospedale \u201cImmacolata Concezione\u201d di Piove di Sacco.<\/p>\n<a class=\"nectar-button n-sc-button medium see-through\" target=\"_blank\" href=\"https:\/\/www.retedeldono.it\/it\/progetti\/dottor-clown-padova-odv\/accompagnamento-alla-sala-operatoria\" data-color-override=\"#ef5054\" data-hover-color-override=\"false\" data-hover-text-color-override=\"#fff\"><span>RACCOLTA FONDI<\/span><\/a>[\/team_member][nectar_btn size=&#8221;large&#8221; open_new_tab=&#8221;true&#8221; button_style=&#8221;see-through&#8221; button_color_2=&#8221;Accent-Color&#8221; icon_family=&#8221;none&#8221; text=&#8221;RACCOLTA FONDI&#8221; url=&#8221;https:\/\/www.retedeldono.it\/it\/progetti\/dottor-clown-padova-odv\/accompagnamento-alla-sala-operatoria&#8221;][\/vc_column_inner][\/vc_row_inner][vc_row_inner equal_height=&#8221;yes&#8221; disable_element=&#8221;yes&#8221; column_margin=&#8221;default&#8221; column_direction=&#8221;default&#8221; column_direction_tablet=&#8221;default&#8221; column_direction_phone=&#8221;default&#8221; text_align=&#8221;left&#8221; row_position=&#8221;default&#8221; row_position_tablet=&#8221;inherit&#8221; row_position_phone=&#8221;inherit&#8221; overflow=&#8221;visible&#8221; pointer_events=&#8221;all&#8221; class=&#8221;home-news&#8221;][vc_column_inner column_padding=&#8221;no-extra-padding&#8221; column_padding_tablet=&#8221;inherit&#8221; column_padding_phone=&#8221;inherit&#8221; column_padding_position=&#8221;all&#8221; column_element_direction_desktop=&#8221;default&#8221; column_element_spacing=&#8221;default&#8221; desktop_text_alignment=&#8221;default&#8221; tablet_text_alignment=&#8221;default&#8221; phone_text_alignment=&#8221;default&#8221; background_color_opacity=&#8221;1&#8243; background_hover_color_opacity=&#8221;1&#8243; column_backdrop_filter=&#8221;none&#8221; column_shadow=&#8221;none&#8221; column_border_radius=&#8221;none&#8221; column_link_target=&#8221;_self&#8221; overflow=&#8221;visible&#8221; gradient_direction=&#8221;left_to_right&#8221; overlay_strength=&#8221;0.3&#8243; width=&#8221;1\/3&#8243; tablet_width_inherit=&#8221;default&#8221; animation_type=&#8221;default&#8221; enable_animation=&#8221;true&#8221; animation=&#8221;fade-in-from-bottom&#8221; mobile_disable_entrance_animation=&#8221;true&#8221; animation_easing=&#8221;default&#8221; bg_image_animation=&#8221;none&#8221; border_type=&#8221;simple&#8221; column_border_width=&#8221;none&#8221; column_border_style=&#8221;solid&#8221; column_padding_type=&#8221;default&#8221; gradient_type=&#8221;default&#8221;][team_member image_url=&#8221;616&#8243; bio_alt_image_url=&#8221;571&#8243; team_memeber_style=&#8221;bio_fullscreen_alt&#8221; image_loading=&#8221;default&#8221; team_member_bio_full_html=&#8221;html&#8221; image_size=&#8221;medium&#8221; name=&#8221;BR.A.VE&#8221; team_member_mini_bio=&#8221;Nata da un gruppo di donne e dalla necessit\u00e0 di migliorare il supporto ed il sostegno alle nuove generazioni, figli e nipoti di persone portatrici del gene BRCA&#8221; social_icon_1=&#8221;fa fa-handshake-o&#8221; social_link_1=&#8221;https:\/\/www.retedeldono.it\/it\/progetti\/br.a.ve.\/corri&#8221;]BRAVE, Associazione BRCA Veneto, \u00e8 nata da un gruppo di donne e dalla necessit\u00e0 di migliorare il supporto ed il sostegno alle nuove generazioni, figli e nipoti di persone portatrici del gene BRCA, che dovranno affrontare un percorso di conoscenza e consapevolezza a partire dalla scelta di eseguire il test genetico passando per un percorso di sorveglianza stretta, fino alla scelta di eventuali interventi preventivi. Questo percorso \u00e8 determinato dalla presenza in famiglia di una mutazione dei geni BRCA 1-2 che predispone ad un alto rischio di sviluppare tumori che colpiscono diversi organi, come il seno e l&#8217;ovaio, in et\u00e0 giovanile.<br \/>\nCon la partecipazione alla Padova Marathon, BRAVE vuole farsi conoscere, farsi gruppo con voi, a sostegno di tutte &#8220;le figlie e i figli&#8221; che scriveranno un futuro libero dalla malattia, grazie alla consapevolezza delle scelte possibili, con l&#8217;aiuto ed il sostegno costanti di equipe mediche e psicologiche, collaborando con le strutture sanitarie che riusciranno a garantire interventi preventivi, sempre meno impattanti sul corpo e la psiche delle persone portatrici dei geni BRCA 1-2. Contribuisci alla raccolta di fondi per il sostegno psicologico ai ragazzi che si avvicinano al test genetico correndo con noi o donando!<\/p>\n<a class=\"nectar-button n-sc-button medium see-through\" target=\"_blank\" href=\"https:\/\/www.retedeldono.it\/it\/progetti\/br.a.ve.\/corri\" data-color-override=\"#ef5054\" data-hover-color-override=\"false\" data-hover-text-color-override=\"#fff\"><span>RACCOLTA FONDI<\/span><\/a>[\/team_member][nectar_btn size=&#8221;large&#8221; open_new_tab=&#8221;true&#8221; button_style=&#8221;see-through&#8221; button_color_2=&#8221;Accent-Color&#8221; icon_family=&#8221;none&#8221; text=&#8221;RACCOLTA FONDI&#8221; url=&#8221;https:\/\/www.retedeldono.it\/it\/progetti\/br.a.ve.\/corri&#8221;][\/vc_column_inner][vc_column_inner column_padding=&#8221;no-extra-padding&#8221; column_padding_tablet=&#8221;inherit&#8221; column_padding_phone=&#8221;inherit&#8221; column_padding_position=&#8221;all&#8221; column_element_direction_desktop=&#8221;default&#8221; column_element_spacing=&#8221;default&#8221; desktop_text_alignment=&#8221;default&#8221; tablet_text_alignment=&#8221;default&#8221; phone_text_alignment=&#8221;default&#8221; background_color_opacity=&#8221;1&#8243; background_hover_color_opacity=&#8221;1&#8243; column_backdrop_filter=&#8221;none&#8221; column_shadow=&#8221;none&#8221; column_border_radius=&#8221;none&#8221; column_link_target=&#8221;_self&#8221; overflow=&#8221;visible&#8221; gradient_direction=&#8221;left_to_right&#8221; overlay_strength=&#8221;0.3&#8243; width=&#8221;1\/3&#8243; tablet_width_inherit=&#8221;default&#8221; animation_type=&#8221;default&#8221; enable_animation=&#8221;true&#8221; animation=&#8221;fade-in-from-bottom&#8221; mobile_disable_entrance_animation=&#8221;true&#8221; animation_easing=&#8221;default&#8221; bg_image_animation=&#8221;none&#8221; border_type=&#8221;simple&#8221; column_border_width=&#8221;none&#8221; column_border_style=&#8221;solid&#8221; column_padding_type=&#8221;default&#8221; gradient_type=&#8221;default&#8221;][\/vc_column_inner][vc_column_inner column_padding=&#8221;no-extra-padding&#8221; column_padding_tablet=&#8221;inherit&#8221; column_padding_phone=&#8221;inherit&#8221; column_padding_position=&#8221;all&#8221; column_element_direction_desktop=&#8221;default&#8221; column_element_spacing=&#8221;default&#8221; desktop_text_alignment=&#8221;default&#8221; tablet_text_alignment=&#8221;default&#8221; phone_text_alignment=&#8221;default&#8221; background_color_opacity=&#8221;1&#8243; background_hover_color_opacity=&#8221;1&#8243; column_backdrop_filter=&#8221;none&#8221; column_shadow=&#8221;none&#8221; column_border_radius=&#8221;none&#8221; column_link_target=&#8221;_self&#8221; overflow=&#8221;visible&#8221; gradient_direction=&#8221;left_to_right&#8221; overlay_strength=&#8221;0.3&#8243; width=&#8221;1\/3&#8243; tablet_width_inherit=&#8221;default&#8221; animation_type=&#8221;default&#8221; enable_animation=&#8221;true&#8221; animation=&#8221;fade-in-from-bottom&#8221; mobile_disable_entrance_animation=&#8221;true&#8221; animation_easing=&#8221;default&#8221; bg_image_animation=&#8221;none&#8221; border_type=&#8221;simple&#8221; column_border_width=&#8221;none&#8221; column_border_style=&#8221;solid&#8221; column_padding_type=&#8221;default&#8221; gradient_type=&#8221;default&#8221;][\/vc_column_inner][\/vc_row_inner][\/vc_column][\/vc_row][vc_row type=&#8221;in_container&#8221; full_screen_row_position=&#8221;middle&#8221; column_margin=&#8221;default&#8221; column_direction=&#8221;default&#8221; column_direction_tablet=&#8221;default&#8221; column_direction_phone=&#8221;default&#8221; scene_position=&#8221;center&#8221; bottom_margin=&#8221;124px&#8221; bottom_margin_tablet=&#8221;80px&#8221; bottom_margin_phone=&#8221;80px&#8221; text_color=&#8221;dark&#8221; text_align=&#8221;left&#8221; row_border_radius=&#8221;none&#8221; row_border_radius_applies=&#8221;bg&#8221; overflow=&#8221;visible&#8221; id=&#8221;rete&#8221; overlay_strength=&#8221;0.3&#8243; gradient_direction=&#8221;left_to_right&#8221; shape_divider_position=&#8221;bottom&#8221; bg_image_animation=&#8221;none&#8221; gradient_type=&#8221;default&#8221; shape_type=&#8221;&#8221;][vc_column column_padding=&#8221;no-extra-padding&#8221; column_padding_tablet=&#8221;inherit&#8221; column_padding_phone=&#8221;inherit&#8221; column_padding_position=&#8221;all&#8221; column_element_direction_desktop=&#8221;default&#8221; column_element_spacing=&#8221;default&#8221; desktop_text_alignment=&#8221;default&#8221; tablet_text_alignment=&#8221;default&#8221; phone_text_alignment=&#8221;default&#8221; background_color_opacity=&#8221;1&#8243; background_hover_color_opacity=&#8221;1&#8243; column_backdrop_filter=&#8221;none&#8221; column_shadow=&#8221;none&#8221; column_border_radius=&#8221;none&#8221; column_link_target=&#8221;_self&#8221; column_position=&#8221;default&#8221; gradient_direction=&#8221;left_to_right&#8221; overlay_strength=&#8221;0.3&#8243; width=&#8221;1\/1&#8243; tablet_width_inherit=&#8221;default&#8221; animation_type=&#8221;default&#8221; bg_image_animation=&#8221;none&#8221; border_type=&#8221;simple&#8221; column_border_width=&#8221;none&#8221; column_border_style=&#8221;solid&#8221;][vc_row_inner equal_height=&#8221;yes&#8221; content_placement=&#8221;bottom&#8221; column_margin=&#8221;default&#8221; column_direction=&#8221;default&#8221; column_direction_tablet=&#8221;default&#8221; column_direction_phone=&#8221;default&#8221; text_align=&#8221;left&#8221; row_position=&#8221;default&#8221; row_position_tablet=&#8221;inherit&#8221; row_position_phone=&#8221;inherit&#8221; overflow=&#8221;visible&#8221; pointer_events=&#8221;all&#8221; css=&#8221;.vc_custom_1676024897623{margin: 0px !important;padding: 0px !important;}&#8221;][vc_column_inner column_padding=&#8221;no-extra-padding&#8221; column_padding_tablet=&#8221;inherit&#8221; column_padding_phone=&#8221;inherit&#8221; column_padding_position=&#8221;all&#8221; column_element_direction_desktop=&#8221;default&#8221; column_element_spacing=&#8221;default&#8221; desktop_text_alignment=&#8221;default&#8221; tablet_text_alignment=&#8221;default&#8221; phone_text_alignment=&#8221;default&#8221; background_color_opacity=&#8221;1&#8243; background_hover_color_opacity=&#8221;1&#8243; column_backdrop_filter=&#8221;none&#8221; column_shadow=&#8221;none&#8221; column_border_radius=&#8221;none&#8221; column_link_target=&#8221;_self&#8221; overflow=&#8221;visible&#8221; gradient_direction=&#8221;left_to_right&#8221; overlay_strength=&#8221;0.3&#8243; width=&#8221;1\/1&#8243; tablet_width_inherit=&#8221;default&#8221; animation_type=&#8221;default&#8221; bg_image_animation=&#8221;none&#8221; border_type=&#8221;simple&#8221; column_border_width=&#8221;none&#8221; column_border_style=&#8221;solid&#8221; column_padding_type=&#8221;default&#8221; gradient_type=&#8221;default&#8221; offset=&#8221;vc_col-xs-12&#8243;][vc_column_text css=&#8221;.vc_custom_1676555566171{margin-bottom: -5px !important;}&#8221;]\n<h3>RETE DEL DONO<\/h3>\n[\/vc_column_text][\/vc_column_inner][\/vc_row_inner][vc_row_inner column_margin=&#8221;default&#8221; column_direction=&#8221;default&#8221; column_direction_tablet=&#8221;default&#8221; column_direction_phone=&#8221;default&#8221; text_align=&#8221;left&#8221; row_position=&#8221;default&#8221; row_position_tablet=&#8221;inherit&#8221; row_position_phone=&#8221;inherit&#8221; overflow=&#8221;visible&#8221; pointer_events=&#8221;all&#8221; css=&#8221;.vc_custom_1676024944684{margin-top: 0px !important;margin-right: 0px !important;margin-bottom: 20px !important;margin-left: 0px !important;padding-top: 0px !important;padding-right: 0px !important;padding-bottom: 0px !important;padding-left: 0px !important;}&#8221;][vc_column_inner column_padding=&#8221;no-extra-padding&#8221; column_padding_tablet=&#8221;inherit&#8221; column_padding_phone=&#8221;inherit&#8221; column_padding_position=&#8221;all&#8221; column_element_direction_desktop=&#8221;default&#8221; column_element_spacing=&#8221;default&#8221; desktop_text_alignment=&#8221;default&#8221; tablet_text_alignment=&#8221;default&#8221; phone_text_alignment=&#8221;default&#8221; background_color_opacity=&#8221;1&#8243; background_hover_color_opacity=&#8221;1&#8243; column_backdrop_filter=&#8221;none&#8221; column_shadow=&#8221;none&#8221; column_border_radius=&#8221;none&#8221; column_link_target=&#8221;_self&#8221; overflow=&#8221;visible&#8221; gradient_direction=&#8221;left_to_right&#8221; overlay_strength=&#8221;0.3&#8243; width=&#8221;1\/1&#8243; tablet_width_inherit=&#8221;default&#8221; animation_type=&#8221;default&#8221; bg_image_animation=&#8221;none&#8221; border_type=&#8221;simple&#8221; column_border_width=&#8221;none&#8221; column_border_style=&#8221;solid&#8221;][divider line_type=&#8221;Full Width Line&#8221; line_thickness=&#8221;1&#8243; divider_color=&#8221;black&#8221;][\/vc_column_inner][\/vc_row_inner][vc_row_inner column_margin=&#8221;default&#8221; column_direction=&#8221;default&#8221; column_direction_tablet=&#8221;default&#8221; column_direction_phone=&#8221;default&#8221; text_align=&#8221;left&#8221; row_position=&#8221;default&#8221; row_position_tablet=&#8221;inherit&#8221; row_position_phone=&#8221;inherit&#8221; overflow=&#8221;visible&#8221; pointer_events=&#8221;all&#8221; class=&#8221;home-news&#8221;][vc_column_inner column_padding=&#8221;no-extra-padding&#8221; column_padding_tablet=&#8221;inherit&#8221; column_padding_phone=&#8221;inherit&#8221; column_padding_position=&#8221;all&#8221; column_element_direction_desktop=&#8221;default&#8221; column_element_spacing=&#8221;default&#8221; desktop_text_alignment=&#8221;default&#8221; tablet_text_alignment=&#8221;default&#8221; phone_text_alignment=&#8221;default&#8221; background_color_opacity=&#8221;1&#8243; background_hover_color_opacity=&#8221;1&#8243; column_backdrop_filter=&#8221;none&#8221; column_shadow=&#8221;none&#8221; column_border_radius=&#8221;none&#8221; column_link_target=&#8221;_self&#8221; overflow=&#8221;visible&#8221; gradient_direction=&#8221;left_to_right&#8221; overlay_strength=&#8221;0.3&#8243; width=&#8221;3\/4&#8243; tablet_width_inherit=&#8221;default&#8221; animation_type=&#8221;default&#8221; enable_animation=&#8221;true&#8221; animation=&#8221;fade-in-from-bottom&#8221; mobile_disable_entrance_animation=&#8221;true&#8221; animation_easing=&#8221;default&#8221; bg_image_animation=&#8221;none&#8221; border_type=&#8221;simple&#8221; column_border_width=&#8221;none&#8221; column_border_style=&#8221;solid&#8221; column_padding_type=&#8221;default&#8221; gradient_type=&#8221;default&#8221;][vc_column_text text_direction=&#8221;default&#8221;]<strong>Rete del Dono<\/strong> is a platform for the collection of online donations for projects of social utility. In collaboration with sporting events, Rete del Dono coordinates the Charity Program, helping runners and cyclists to associate the sporting challenge with solidarity and to raise funds for non-profit organizations (ONP) beneficiaries.<\/p>\n<p>Find out more on the website <a href=\"http:\/\/www.retedeldono.it\/\">www.retedeldono.it<\/a>[\/vc_column_text][\/vc_column_inner][vc_column_inner column_padding=&#8221;no-extra-padding&#8221; column_padding_tablet=&#8221;inherit&#8221; column_padding_phone=&#8221;inherit&#8221; column_padding_position=&#8221;all&#8221; column_element_direction_desktop=&#8221;default&#8221; column_element_spacing=&#8221;default&#8221; desktop_text_alignment=&#8221;default&#8221; tablet_text_alignment=&#8221;default&#8221; phone_text_alignment=&#8221;default&#8221; background_color_opacity=&#8221;1&#8243; background_hover_color_opacity=&#8221;1&#8243; column_backdrop_filter=&#8221;none&#8221; column_shadow=&#8221;none&#8221; column_border_radius=&#8221;none&#8221; column_link_target=&#8221;_self&#8221; overflow=&#8221;visible&#8221; gradient_direction=&#8221;left_to_right&#8221; overlay_strength=&#8221;0.3&#8243; width=&#8221;1\/4&#8243; tablet_width_inherit=&#8221;default&#8221; animation_type=&#8221;default&#8221; bg_image_animation=&#8221;none&#8221; border_type=&#8221;simple&#8221; column_border_width=&#8221;none&#8221; column_border_style=&#8221;solid&#8221;][\/vc_column_inner][\/vc_row_inner][\/vc_column][\/vc_row]\n","protected":false},"excerpt":{"rendered":"<p>[vc_row type=&#8221;in_container&#8221; full_screen_row_position=&#8221;middle&#8221; column_margin=&#8221;default&#8221; column_direction=&#8221;default&#8221; column_direction_tablet=&#8221;default&#8221; column_direction_phone=&#8221;default&#8221; scene_position=&#8221;center&#8221; top_margin=&#8221;60px&#8221; constrain_group_7=&#8221;yes&#8221; bottom_margin=&#8221;60px&#8221; top_margin_tablet=&#8221;50px&#8221; bottom_margin_tablet=&#8221;100px&#8221; top_margin_phone=&#8221;40px&#8221; bottom_margin_phone=&#8221;80px&#8221; text_color=&#8221;dark&#8221; text_align=&#8221;left&#8221; row_border_radius=&#8221;none&#8221; row_border_radius_applies=&#8221;bg&#8221; overflow=&#8221;visible&#8221; overlay_strength=&#8221;0.3&#8243; gradient_direction=&#8221;left_to_right&#8221; shape_divider_position=&#8221;bottom&#8221; bg_image_animation=&#8221;none&#8221; gradient_type=&#8221;default&#8221; shape_type=&#8221;&#8221;][vc_column column_padding=&#8221;no-extra-padding&#8221; column_padding_tablet=&#8221;no-extra-padding&#8221; column_padding_phone=&#8221;no-extra-padding&#8221; column_padding_position=&#8221;left-right&#8221;&#8230;<\/p>\n","protected":false},"author":1,"featured_media":3773,"parent":0,"menu_order":0,"comment_status":"closed","ping_status":"closed","template":"","meta":{"footnotes":""},"class_list":["post-1908","page","type-page","status-publish","has-post-thumbnail"],"yoast_head":"<!-- This site is optimized with the Yoast SEO plugin v26.5 - https:\/\/yoast.com\/wordpress\/plugins\/seo\/ -->\n<title>Charity program | Padova Marathon Shop<\/title>\n<meta name=\"robots\" content=\"index, follow, max-snippet:-1, max-image-preview:large, max-video-preview:-1\" \/>\n<link rel=\"canonical\" href=\"https:\/\/padovamarathon.com\/en\/charity-program\/\" \/>\n<meta property=\"og:locale\" content=\"en_US\" \/>\n<meta property=\"og:type\" content=\"article\" \/>\n<meta property=\"og:title\" content=\"Charity program | Padova Marathon Shop\" \/>\n<meta property=\"og:description\" content=\"[vc_row type=&#8221;in_container&#8221; full_screen_row_position=&#8221;middle&#8221; column_margin=&#8221;default&#8221; column_direction=&#8221;default&#8221; column_direction_tablet=&#8221;default&#8221; column_direction_phone=&#8221;default&#8221; scene_position=&#8221;center&#8221; top_margin=&#8221;60px&#8221; constrain_group_7=&#8221;yes&#8221; bottom_margin=&#8221;60px&#8221; top_margin_tablet=&#8221;50px&#8221; bottom_margin_tablet=&#8221;100px&#8221; top_margin_phone=&#8221;40px&#8221; bottom_margin_phone=&#8221;80px&#8221; text_color=&#8221;dark&#8221; text_align=&#8221;left&#8221; row_border_radius=&#8221;none&#8221; row_border_radius_applies=&#8221;bg&#8221; overflow=&#8221;visible&#8221; overlay_strength=&#8221;0.3&#8243; gradient_direction=&#8221;left_to_right&#8221; shape_divider_position=&#8221;bottom&#8221; bg_image_animation=&#8221;none&#8221; gradient_type=&#8221;default&#8221; shape_type=&#8221;&#8221;][vc_column column_padding=&#8221;no-extra-padding&#8221; column_padding_tablet=&#8221;no-extra-padding&#8221; column_padding_phone=&#8221;no-extra-padding&#8221; column_padding_position=&#8221;left-right&#8221;...\" \/>\n<meta property=\"og:url\" content=\"https:\/\/padovamarathon.com\/en\/charity-program\/\" \/>\n<meta property=\"og:site_name\" content=\"Padova Marathon Shop\" \/>\n<meta property=\"article:publisher\" content=\"https:\/\/www.facebook.com\/padovamarathon\/\" \/>\n<meta property=\"article:modified_time\" content=\"2025-06-24T09:48:34+00:00\" \/>\n<meta property=\"og:image\" content=\"https:\/\/padovamarathon.com\/wp-content\/uploads\/2024\/11\/Copertina-sito-Charity-Program-.png\" \/>\n\t<meta property=\"og:image:width\" content=\"1640\" \/>\n\t<meta property=\"og:image:height\" content=\"924\" \/>\n\t<meta property=\"og:image:type\" content=\"image\/png\" \/>\n<meta name=\"twitter:card\" content=\"summary_large_image\" \/>\n<meta name=\"twitter:label1\" content=\"Est. reading time\" \/>\n\t<meta name=\"twitter:data1\" content=\"33 minutes\" \/>\n<script type=\"application\/ld+json\" class=\"yoast-schema-graph\">{\"@context\":\"https:\/\/schema.org\",\"@graph\":[{\"@type\":\"WebPage\",\"@id\":\"https:\/\/padovamarathon.com\/en\/charity-program\/\",\"url\":\"https:\/\/padovamarathon.com\/en\/charity-program\/\",\"name\":\"Charity program | Padova Marathon Shop\",\"isPartOf\":{\"@id\":\"https:\/\/padovamarathon.com\/#website\"},\"primaryImageOfPage\":{\"@id\":\"https:\/\/padovamarathon.com\/en\/charity-program\/#primaryimage\"},\"image\":{\"@id\":\"https:\/\/padovamarathon.com\/en\/charity-program\/#primaryimage\"},\"thumbnailUrl\":\"https:\/\/padovamarathon.com\/wp-content\/uploads\/2024\/11\/Copertina-sito-Charity-Program-.png\",\"datePublished\":\"2023-02-14T08:29:01+00:00\",\"dateModified\":\"2025-06-24T09:48:34+00:00\",\"breadcrumb\":{\"@id\":\"https:\/\/padovamarathon.com\/en\/charity-program\/#breadcrumb\"},\"inLanguage\":\"en-US\",\"potentialAction\":[{\"@type\":\"ReadAction\",\"target\":[\"https:\/\/padovamarathon.com\/en\/charity-program\/\"]}]},{\"@type\":\"ImageObject\",\"inLanguage\":\"en-US\",\"@id\":\"https:\/\/padovamarathon.com\/en\/charity-program\/#primaryimage\",\"url\":\"https:\/\/padovamarathon.com\/wp-content\/uploads\/2024\/11\/Copertina-sito-Charity-Program-.png\",\"contentUrl\":\"https:\/\/padovamarathon.com\/wp-content\/uploads\/2024\/11\/Copertina-sito-Charity-Program-.png\",\"width\":1640,\"height\":924},{\"@type\":\"BreadcrumbList\",\"@id\":\"https:\/\/padovamarathon.com\/en\/charity-program\/#breadcrumb\",\"itemListElement\":[{\"@type\":\"ListItem\",\"position\":1,\"name\":\"Home\",\"item\":\"https:\/\/padovamarathon.com\/en\/\"},{\"@type\":\"ListItem\",\"position\":2,\"name\":\"Charity program\"}]},{\"@type\":\"WebSite\",\"@id\":\"https:\/\/padovamarathon.com\/#website\",\"url\":\"https:\/\/padovamarathon.com\/\",\"name\":\"Maratona di Sant'Antonio | Padova Marathon\",\"description\":\"\",\"publisher\":{\"@id\":\"https:\/\/padovamarathon.com\/#organization\"},\"potentialAction\":[{\"@type\":\"SearchAction\",\"target\":{\"@type\":\"EntryPoint\",\"urlTemplate\":\"https:\/\/padovamarathon.com\/?s={search_term_string}\"},\"query-input\":{\"@type\":\"PropertyValueSpecification\",\"valueRequired\":true,\"valueName\":\"search_term_string\"}}],\"inLanguage\":\"en-US\"},{\"@type\":\"Organization\",\"@id\":\"https:\/\/padovamarathon.com\/#organization\",\"name\":\"Assidunstria Sport\",\"url\":\"https:\/\/padovamarathon.com\/\",\"logo\":{\"@type\":\"ImageObject\",\"inLanguage\":\"en-US\",\"@id\":\"https:\/\/padovamarathon.com\/#\/schema\/logo\/image\/\",\"url\":\"https:\/\/padovamarathon.com\/wp-content\/uploads\/2023\/02\/padova-marathon-logo-dark.svg\",\"contentUrl\":\"https:\/\/padovamarathon.com\/wp-content\/uploads\/2023\/02\/padova-marathon-logo-dark.svg\",\"width\":193,\"height\":86,\"caption\":\"Assidunstria Sport\"},\"image\":{\"@id\":\"https:\/\/padovamarathon.com\/#\/schema\/logo\/image\/\"},\"sameAs\":[\"https:\/\/www.facebook.com\/padovamarathon\/\",\"https:\/\/www.youtube.com\/channel\/UCcuEh_1MUf_oXBto7XwOT8g\",\"https:\/\/www.instagram.com\/padovamarathon\/\"]}]}<\/script>\n<!-- \/ Yoast SEO plugin. -->","yoast_head_json":{"title":"Charity program | Padova Marathon Shop","robots":{"index":"index","follow":"follow","max-snippet":"max-snippet:-1","max-image-preview":"max-image-preview:large","max-video-preview":"max-video-preview:-1"},"canonical":"https:\/\/padovamarathon.com\/en\/charity-program\/","og_locale":"en_US","og_type":"article","og_title":"Charity program | Padova Marathon Shop","og_description":"[vc_row type=&#8221;in_container&#8221; full_screen_row_position=&#8221;middle&#8221; column_margin=&#8221;default&#8221; column_direction=&#8221;default&#8221; column_direction_tablet=&#8221;default&#8221; column_direction_phone=&#8221;default&#8221; scene_position=&#8221;center&#8221; top_margin=&#8221;60px&#8221; constrain_group_7=&#8221;yes&#8221; bottom_margin=&#8221;60px&#8221; top_margin_tablet=&#8221;50px&#8221; bottom_margin_tablet=&#8221;100px&#8221; top_margin_phone=&#8221;40px&#8221; bottom_margin_phone=&#8221;80px&#8221; text_color=&#8221;dark&#8221; text_align=&#8221;left&#8221; row_border_radius=&#8221;none&#8221; row_border_radius_applies=&#8221;bg&#8221; overflow=&#8221;visible&#8221; overlay_strength=&#8221;0.3&#8243; gradient_direction=&#8221;left_to_right&#8221; shape_divider_position=&#8221;bottom&#8221; bg_image_animation=&#8221;none&#8221; gradient_type=&#8221;default&#8221; shape_type=&#8221;&#8221;][vc_column column_padding=&#8221;no-extra-padding&#8221; column_padding_tablet=&#8221;no-extra-padding&#8221; column_padding_phone=&#8221;no-extra-padding&#8221; column_padding_position=&#8221;left-right&#8221;...","og_url":"https:\/\/padovamarathon.com\/en\/charity-program\/","og_site_name":"Padova Marathon Shop","article_publisher":"https:\/\/www.facebook.com\/padovamarathon\/","article_modified_time":"2025-06-24T09:48:34+00:00","og_image":[{"width":1640,"height":924,"url":"https:\/\/padovamarathon.com\/wp-content\/uploads\/2024\/11\/Copertina-sito-Charity-Program-.png","type":"image\/png"}],"twitter_card":"summary_large_image","twitter_misc":{"Est. reading time":"33 minutes"},"schema":{"@context":"https:\/\/schema.org","@graph":[{"@type":"WebPage","@id":"https:\/\/padovamarathon.com\/en\/charity-program\/","url":"https:\/\/padovamarathon.com\/en\/charity-program\/","name":"Charity program | Padova Marathon Shop","isPartOf":{"@id":"https:\/\/padovamarathon.com\/#website"},"primaryImageOfPage":{"@id":"https:\/\/padovamarathon.com\/en\/charity-program\/#primaryimage"},"image":{"@id":"https:\/\/padovamarathon.com\/en\/charity-program\/#primaryimage"},"thumbnailUrl":"https:\/\/padovamarathon.com\/wp-content\/uploads\/2024\/11\/Copertina-sito-Charity-Program-.png","datePublished":"2023-02-14T08:29:01+00:00","dateModified":"2025-06-24T09:48:34+00:00","breadcrumb":{"@id":"https:\/\/padovamarathon.com\/en\/charity-program\/#breadcrumb"},"inLanguage":"en-US","potentialAction":[{"@type":"ReadAction","target":["https:\/\/padovamarathon.com\/en\/charity-program\/"]}]},{"@type":"ImageObject","inLanguage":"en-US","@id":"https:\/\/padovamarathon.com\/en\/charity-program\/#primaryimage","url":"https:\/\/padovamarathon.com\/wp-content\/uploads\/2024\/11\/Copertina-sito-Charity-Program-.png","contentUrl":"https:\/\/padovamarathon.com\/wp-content\/uploads\/2024\/11\/Copertina-sito-Charity-Program-.png","width":1640,"height":924},{"@type":"BreadcrumbList","@id":"https:\/\/padovamarathon.com\/en\/charity-program\/#breadcrumb","itemListElement":[{"@type":"ListItem","position":1,"name":"Home","item":"https:\/\/padovamarathon.com\/en\/"},{"@type":"ListItem","position":2,"name":"Charity program"}]},{"@type":"WebSite","@id":"https:\/\/padovamarathon.com\/#website","url":"https:\/\/padovamarathon.com\/","name":"Maratona di Sant'Antonio | Padova Marathon","description":"","publisher":{"@id":"https:\/\/padovamarathon.com\/#organization"},"potentialAction":[{"@type":"SearchAction","target":{"@type":"EntryPoint","urlTemplate":"https:\/\/padovamarathon.com\/?s={search_term_string}"},"query-input":{"@type":"PropertyValueSpecification","valueRequired":true,"valueName":"search_term_string"}}],"inLanguage":"en-US"},{"@type":"Organization","@id":"https:\/\/padovamarathon.com\/#organization","name":"Assidunstria Sport","url":"https:\/\/padovamarathon.com\/","logo":{"@type":"ImageObject","inLanguage":"en-US","@id":"https:\/\/padovamarathon.com\/#\/schema\/logo\/image\/","url":"https:\/\/padovamarathon.com\/wp-content\/uploads\/2023\/02\/padova-marathon-logo-dark.svg","contentUrl":"https:\/\/padovamarathon.com\/wp-content\/uploads\/2023\/02\/padova-marathon-logo-dark.svg","width":193,"height":86,"caption":"Assidunstria Sport"},"image":{"@id":"https:\/\/padovamarathon.com\/#\/schema\/logo\/image\/"},"sameAs":["https:\/\/www.facebook.com\/padovamarathon\/","https:\/\/www.youtube.com\/channel\/UCcuEh_1MUf_oXBto7XwOT8g","https:\/\/www.instagram.com\/padovamarathon\/"]}]}},"_links":{"self":[{"href":"https:\/\/padovamarathon.com\/en\/wp-json\/wp\/v2\/pages\/1908","targetHints":{"allow":["GET"]}}],"collection":[{"href":"https:\/\/padovamarathon.com\/en\/wp-json\/wp\/v2\/pages"}],"about":[{"href":"https:\/\/padovamarathon.com\/en\/wp-json\/wp\/v2\/types\/page"}],"author":[{"embeddable":true,"href":"https:\/\/padovamarathon.com\/en\/wp-json\/wp\/v2\/users\/1"}],"replies":[{"embeddable":true,"href":"https:\/\/padovamarathon.com\/en\/wp-json\/wp\/v2\/comments?post=1908"}],"version-history":[{"count":10,"href":"https:\/\/padovamarathon.com\/en\/wp-json\/wp\/v2\/pages\/1908\/revisions"}],"predecessor-version":[{"id":4751,"href":"https:\/\/padovamarathon.com\/en\/wp-json\/wp\/v2\/pages\/1908\/revisions\/4751"}],"wp:featuredmedia":[{"embeddable":true,"href":"https:\/\/padovamarathon.com\/en\/wp-json\/wp\/v2\/media\/3773"}],"wp:attachment":[{"href":"https:\/\/padovamarathon.com\/en\/wp-json\/wp\/v2\/media?parent=1908"}],"curies":[{"name":"wp","href":"https:\/\/api.w.org\/{rel}","templated":true}]}}